{"id":80394,"date":"2021-01-02T15:30:28","date_gmt":"2021-01-02T14:30:28","guid":{"rendered":"https:\/\/www.cardel-global.com\/?page_id=80394"},"modified":"2024-01-12T16:14:32","modified_gmt":"2024-01-12T15:14:32","slug":"publicity","status":"publish","type":"page","link":"https:\/\/www.cardel-group.com\/fr\/publicity\/","title":{"rendered":"PUBLICITY MANAGEMENT"},"content":{"rendered":"<div class=\"wpb-content-wrapper\"><p>[vc_row][vc_column column_width_percent=\u00a0\u00bb80&Prime; align_horizontal=\u00a0\u00bbalign_center\u00a0\u00bb gutter_size=\u00a0\u00bb3&Prime; overlay_alpha=\u00a0\u00bb50&Prime; shift_x=\u00a0\u00bb0&Prime; shift_y=\u00a0\u00bb0&Prime; shift_y_down=\u00a0\u00bb0&Prime; z_index=\u00a0\u00bb0&Prime; medium_width=\u00a0\u00bb0&Prime; mobile_width=\u00a0\u00bb0&Prime; width=\u00a0\u00bb1\/1&Prime;][vc_custom_heading text_font=\u00a0\u00bbfont-762333&Prime; text_size=\u00a0\u00bbh4&Prime; text_weight=\u00a0\u00bb400&Prime; uncode_shortcode_id=\u00a0\u00bb195102&Prime;]<span style=\"font-weight: 400;\">S\u2019appuyant sur les comp\u00e9tences et les r\u00e9seaux des diff\u00e9rentes divisions de Cardel Group, ainsi que sur l\u2019expertise d\u2019une \u00e9quipe sp\u00e9cialis\u00e9e, <strong>Cardel Publicity Management<\/strong> se concentre sur toute la partie logistique des \u00e9v\u00e9nements presse de la production \u00e0 la sortie d\u2019un film en passant par l\u2019accompagnement des talents au quotidien.<\/span>[\/vc_custom_heading][\/vc_column][\/vc_row][vc_row row_height_percent=\u00a0\u00bb0&Prime; override_padding=\u00a0\u00bbyes\u00a0\u00bb h_padding=\u00a0\u00bb0&Prime; top_padding=\u00a0\u00bb2&Prime; bottom_padding=\u00a0\u00bb0&Prime; back_image=\u00a0\u00bb80557&Prime; back_repeat=\u00a0\u00bbno-repeat\u00a0\u00bb overlay_alpha=\u00a0\u00bb50&Prime; gutter_size=\u00a0\u00bb3&Prime; column_width_percent=\u00a0\u00bb100&Prime; shift_y=\u00a0\u00bb0&Prime; z_index=\u00a0\u00bb0&Prime; back_size=\u00a0\u00bbcover\u00a0\u00bb][vc_column width=\u00a0\u00bb1\/1&Prime;][vc_empty_space empty_h=\u00a0\u00bb4&Prime;][vc_row_inner row_inner_height_percent=\u00a0\u00bb0&Prime; overlay_alpha=\u00a0\u00bb50&Prime; gutter_size=\u00a0\u00bb3&Prime; shift_y=\u00a0\u00bb0&Prime; z_index=\u00a0\u00bb0&Prime;][vc_column_inner column_width_percent=\u00a0\u00bb85&Prime; gutter_size=\u00a0\u00bb3&Prime; override_padding=\u00a0\u00bbyes\u00a0\u00bb column_padding=\u00a0\u00bb2&Prime; back_color=\u00a0\u00bbcolor-xsdn\u00a0\u00bb overlay_alpha=\u00a0\u00bb50&Prime; shift_x=\u00a0\u00bb0&Prime; shift_y=\u00a0\u00bb3&Prime; shift_y_fixed=\u00a0\u00bbyes\u00a0\u00bb shift_y_down=\u00a0\u00bb0&Prime; z_index=\u00a0\u00bb0&Prime; medium_width=\u00a0\u00bb0&Prime; mobile_width=\u00a0\u00bb0&Prime; width=\u00a0\u00bb1\/1&Prime;][vc_custom_heading heading_semantic=\u00a0\u00bbp\u00a0\u00bb text_font=\u00a0\u00bbfont-762333&Prime; text_size=\u00a0\u00bb\u00a0\u00bb text_height=\u00a0\u00bbfontheight-524109&Prime; uncode_shortcode_id=\u00a0\u00bb100173&Prime;]<\/p>\n<p style=\"text-align: justify;\"><span style=\"font-weight: 400;\">Gr\u00e2ce \u00e0 son \u00e9quipe d&rsquo;experts sp\u00e9cialis\u00e9e dans les \u00e9v\u00e9nements presse et proposant une multitude de services in-house (relations publiques, facility management, logistique transport de personnes \u00e0 l\u2019 international, logistique s\u00e9curit\u00e9, h\u00e9bergement ainsi qu\u2019un service de conciergerie d\u00e9di\u00e9), <strong>Cardel Publicity<\/strong> mets \u00e0 la disposition de ses clients un service sur mesure et cl\u00e9 en main dans la cr\u00e9ation et l&rsquo;organisation d&rsquo;\u00e9v\u00e9nements presse comme les tourn\u00e9es de promotion, les activit\u00e9s presse, les avant-premi\u00e8res, les Festivals, les C\u00e9r\u00e9monies officielles, les congr\u00e8s, les salons et les activations marketing.<\/span><\/p>\n<p>&nbsp;<\/p>\n<p style=\"text-align: justify;\"><span style=\"font-weight: 400;\">Chez Cardel Group, votre chef de projet d\u00e9di\u00e9 g\u00e8re toutes les \u00e9tapes de votre \u00e9v\u00e9nement. De la cr\u00e9ation \u00e0 la gestion de la couverture m\u00e9diatique de votre film\/talent tout en assurant une ex\u00e9cution logistique et une gestion des prestataires transparente, notre objectif est de satisfaire vos attentes tout en optimisant votre temps et votre budget.<\/span><\/p>\n<p>&nbsp;<\/p>\n<p style=\"text-align: justify;\"><span style=\"font-weight: 400;\">Nous sommes sp\u00e9cialis\u00e9s dans le Publicity Management sur-mesure, Cardel group \u00e9tant aujourd\u2019hui un acteur incontournable dans l\u2019industrie de l\u2019\u00e9v\u00e9nementiel, collaborant avec de grands noms de l\u2019entertainement comme <a href=\"https:\/\/www.livenation.fr\/\">Live Nation<\/a>, <a href=\"https:\/\/www.lmg.me\/\">Patriot Management<\/a>, <a href=\"https:\/\/www.netflix.com\/fr\">Netflix<\/a>, <a href=\"https:\/\/www.disney.fr\/\">Disney<\/a>, <a href=\"https:\/\/www.pathe.fr\/\">Path\u00e9<\/a>, <a href=\"https:\/\/www.universalpictures.fr\/\">Universal<\/a>, <a href=\"https:\/\/www.gaumont.com\/fr\">Gaumont<\/a>\u2026<\/span><\/p>\n<p>[\/vc_custom_heading][\/vc_column_inner][\/vc_row_inner][\/vc_column][\/vc_row][vc_row][vc_column width=\u00a0\u00bb1\/1&Prime;][vc_empty_space empty_h=\u00a0\u00bb1&Prime;][\/vc_column][\/vc_row][vc_row row_height_percent=\u00a0\u00bb0&Prime; overlay_alpha=\u00a0\u00bb50&Prime; equal_height=\u00a0\u00bbyes\u00a0\u00bb gutter_size=\u00a0\u00bb3&Prime; column_width_percent=\u00a0\u00bb100&Prime; shift_y=\u00a0\u00bb0&Prime; z_index=\u00a0\u00bb0&Prime;][vc_column column_width_percent=\u00a0\u00bb100&Prime; position_vertical=\u00a0\u00bbbottom\u00a0\u00bb align_horizontal=\u00a0\u00bbalign_center\u00a0\u00bb gutter_size=\u00a0\u00bb3&Prime; back_image=\u00a0\u00bb80627&Prime; overlay_alpha=\u00a0\u00bb50&Prime; shift_x=\u00a0\u00bb0&Prime; shift_y=\u00a0\u00bb0&Prime; shift_y_down=\u00a0\u00bb0&Prime; z_index=\u00a0\u00bb0&Prime; medium_width=\u00a0\u00bb0&Prime; mobile_width=\u00a0\u00bb0&Prime; width=\u00a0\u00bb1\/2&Prime; back_size=\u00a0\u00bbcover\u00a0\u00bb][vc_empty_space empty_h=\u00a0\u00bb2&Prime;][vc_custom_heading text_color=\u00a0\u00bbcolor-xsdn\u00a0\u00bb heading_semantic=\u00a0\u00bbh3&Prime; text_font=\u00a0\u00bbfont-202503&Prime; text_size=\u00a0\u00bbh1&Prime; text_weight=\u00a0\u00bb600&Prime;]PUBLICITY<br \/>\nEVENTS[\/vc_custom_heading][vc_empty_space empty_h=\u00a0\u00bb2&Prime;][vc_button button_color=\u00a0\u00bbcolor-xsdn\u00a0\u00bb radius=\u00a0\u00bbbtn-circle\u00a0\u00bb border_width=\u00a0\u00bb0&Prime; el_class=\u00a0\u00bbwhite-b\u00a0\u00bb link=\u00a0\u00bburl:https%3A%2F%2Fwww.cardel-group.com%2Fpublicity-events%2F|title:PUBLICITY%20EVENTS||\u00a0\u00bb]EN SAVOIR PLUS[\/vc_button][\/vc_column][vc_column column_width_percent=\u00a0\u00bb100&Prime; position_vertical=\u00a0\u00bbbottom\u00a0\u00bb align_horizontal=\u00a0\u00bbalign_center\u00a0\u00bb gutter_size=\u00a0\u00bb3&Prime; back_image=\u00a0\u00bb80628&Prime; overlay_alpha=\u00a0\u00bb50&Prime; shift_x=\u00a0\u00bb0&Prime; shift_y=\u00a0\u00bb0&Prime; shift_y_down=\u00a0\u00bb0&Prime; z_index=\u00a0\u00bb0&Prime; medium_width=\u00a0\u00bb0&Prime; mobile_width=\u00a0\u00bb0&Prime; width=\u00a0\u00bb1\/2&Prime;][vc_empty_space empty_h=\u00a0\u00bb2&Prime;][vc_custom_heading text_color=\u00a0\u00bbcolor-xsdn\u00a0\u00bb heading_semantic=\u00a0\u00bbh3&Prime; text_font=\u00a0\u00bbfont-202503&Prime; text_size=\u00a0\u00bbh1&Prime; text_weight=\u00a0\u00bb600&Prime;]LOGISTIC<br \/>\nSUPPORT[\/vc_custom_heading][vc_empty_space empty_h=\u00a0\u00bb2&Prime;][vc_button button_color=\u00a0\u00bbcolor-xsdn\u00a0\u00bb radius=\u00a0\u00bbbtn-circle\u00a0\u00bb border_width=\u00a0\u00bb0&Prime; el_class=\u00a0\u00bbwhite-b\u00a0\u00bb link=\u00a0\u00bburl:https%3A%2F%2Fwww.cardel-group.com%2Flogistic-support%2F|title:LOGISTIC%20SUPPORT||\u00a0\u00bb]EN SAVOIR PLUS[\/vc_button][\/vc_column][\/vc_row]<\/p>\n<\/div>","protected":false},"excerpt":{"rendered":"<p>[vc_row][vc_column column_width_percent=\u00a0\u00bb80&Prime; align_horizontal=\u00a0\u00bbalign_center\u00a0\u00bb gutter_size=\u00a0\u00bb3&Prime; overlay_alpha=\u00a0\u00bb50&Prime; shift_x=\u00a0\u00bb0&Prime; shift_y=\u00a0\u00bb0&Prime; shift_y_down=\u00a0\u00bb0&Prime; z_index=\u00a0\u00bb0&Prime; medium_width=\u00a0\u00bb0&Prime; mobile_width=\u00a0\u00bb0&Prime; width=\u00a0\u00bb1\/1&Prime;][vc_custom_heading text_font=\u00a0\u00bbfont-762333&Prime; text_size=\u00a0\u00bbh4&Prime; text_weight=\u00a0\u00bb400&Prime; uncode_shortcode_id=\u00a0\u00bb195102&Prime;]S\u2019appuyant sur les comp\u00e9tences et [&hellip;]<\/p>\n","protected":false},"author":1,"featured_media":0,"parent":0,"menu_order":0,"comment_status":"closed","ping_status":"closed","template":"","meta":{"footnotes":""},"class_list":["post-80394","page","type-page","status-publish","hentry"],"yoast_head":"<!-- This site is optimized with the Yoast SEO plugin v24.5 - https:\/\/yoast.com\/wordpress\/plugins\/seo\/ -->\n<title>PUBLICITY MANAGEMENT - Cardel Group<\/title>\n<meta name=\"description\" content=\"S\u2019appuyant sur toutes les comp\u00e9tences et du r\u00e9seau des diff\u00e9rentes divisions de Cardel Group, ainsi que sur l\u2019expertise d\u2019une nouvelle \u00e9quipe qualifi\u00e9e et fra\u00eechement recrut\u00e9e, Cardel Publicity Management se concentre sur toute la partie logistique des \u00e9v\u00e9nements presse de la production \u00e0 la sortie d\u2019un film en passant par l\u2019accompagnement des talents au quotidien.\" \/>\n<meta name=\"robots\" content=\"index, follow, max-snippet:-1, max-image-preview:large, max-video-preview:-1\" \/>\n<link rel=\"canonical\" href=\"https:\/\/www.cardel-group.com\/fr\/publicity\/\" \/>\n<meta property=\"og:locale\" content=\"fr_FR\" \/>\n<meta property=\"og:type\" content=\"article\" \/>\n<meta property=\"og:title\" content=\"PUBLICITY MANAGEMENT - Cardel Group\" \/>\n<meta property=\"og:description\" content=\"S\u2019appuyant sur toutes les comp\u00e9tences et du r\u00e9seau des diff\u00e9rentes divisions de Cardel Group, ainsi que sur l\u2019expertise d\u2019une nouvelle \u00e9quipe qualifi\u00e9e et fra\u00eechement recrut\u00e9e, Cardel Publicity Management se concentre sur toute la partie logistique des \u00e9v\u00e9nements presse de la production \u00e0 la sortie d\u2019un film en passant par l\u2019accompagnement des talents au quotidien.\" \/>\n<meta property=\"og:url\" content=\"https:\/\/www.cardel-group.com\/fr\/publicity\/\" \/>\n<meta property=\"og:site_name\" content=\"Cardel Group\" \/>\n<meta property=\"article:modified_time\" content=\"2024-01-12T15:14:32+00:00\" \/>\n<meta name=\"twitter:card\" content=\"summary_large_image\" \/>\n<meta name=\"twitter:label1\" content=\"Dur\u00e9e de lecture estim\u00e9e\" \/>\n\t<meta name=\"twitter:data1\" content=\"2 minutes\" \/>\n<script type=\"application\/ld+json\" class=\"yoast-schema-graph\">{\"@context\":\"https:\/\/schema.org\",\"@graph\":[{\"@type\":\"WebPage\",\"@id\":\"https:\/\/www.cardel-group.com\/fr\/publicity\/\",\"url\":\"https:\/\/www.cardel-group.com\/fr\/publicity\/\",\"name\":\"PUBLICITY MANAGEMENT - Cardel Group\",\"isPartOf\":{\"@id\":\"https:\/\/www.cardel-group.com\/#website\"},\"datePublished\":\"2021-01-02T14:30:28+00:00\",\"dateModified\":\"2024-01-12T15:14:32+00:00\",\"description\":\"S\u2019appuyant sur toutes les comp\u00e9tences et du r\u00e9seau des diff\u00e9rentes divisions de Cardel Group, ainsi que sur l\u2019expertise d\u2019une nouvelle \u00e9quipe qualifi\u00e9e et fra\u00eechement recrut\u00e9e, Cardel Publicity Management se concentre sur toute la partie logistique des \u00e9v\u00e9nements presse de la production \u00e0 la sortie d\u2019un film en passant par l\u2019accompagnement des talents au quotidien.\",\"breadcrumb\":{\"@id\":\"https:\/\/www.cardel-group.com\/fr\/publicity\/#breadcrumb\"},\"inLanguage\":\"fr-FR\",\"potentialAction\":[{\"@type\":\"ReadAction\",\"target\":[\"https:\/\/www.cardel-group.com\/fr\/publicity\/\"]}]},{\"@type\":\"BreadcrumbList\",\"@id\":\"https:\/\/www.cardel-group.com\/fr\/publicity\/#breadcrumb\",\"itemListElement\":[{\"@type\":\"ListItem\",\"position\":1,\"name\":\"Accueil\",\"item\":\"https:\/\/www.cardel-group.com\/fr\/\"},{\"@type\":\"ListItem\",\"position\":2,\"name\":\"PUBLICITY MANAGEMENT\"}]},{\"@type\":\"WebSite\",\"@id\":\"https:\/\/www.cardel-group.com\/#website\",\"url\":\"https:\/\/www.cardel-group.com\/\",\"name\":\"Cardel Group\",\"description\":\"Global Management Services\",\"potentialAction\":[{\"@type\":\"SearchAction\",\"target\":{\"@type\":\"EntryPoint\",\"urlTemplate\":\"https:\/\/www.cardel-group.com\/?s={search_term_string}\"},\"query-input\":{\"@type\":\"PropertyValueSpecification\",\"valueRequired\":true,\"valueName\":\"search_term_string\"}}],\"inLanguage\":\"fr-FR\"}]}<\/script>\n<!-- \/ Yoast SEO plugin. -->","yoast_head_json":{"title":"PUBLICITY MANAGEMENT - Cardel Group","description":"S\u2019appuyant sur toutes les comp\u00e9tences et du r\u00e9seau des diff\u00e9rentes divisions de Cardel Group, ainsi que sur l\u2019expertise d\u2019une nouvelle \u00e9quipe qualifi\u00e9e et fra\u00eechement recrut\u00e9e, Cardel Publicity Management se concentre sur toute la partie logistique des \u00e9v\u00e9nements presse de la production \u00e0 la sortie d\u2019un film en passant par l\u2019accompagnement des talents au quotidien.","robots":{"index":"index","follow":"follow","max-snippet":"max-snippet:-1","max-image-preview":"max-image-preview:large","max-video-preview":"max-video-preview:-1"},"canonical":"https:\/\/www.cardel-group.com\/fr\/publicity\/","og_locale":"fr_FR","og_type":"article","og_title":"PUBLICITY MANAGEMENT - Cardel Group","og_description":"S\u2019appuyant sur toutes les comp\u00e9tences et du r\u00e9seau des diff\u00e9rentes divisions de Cardel Group, ainsi que sur l\u2019expertise d\u2019une nouvelle \u00e9quipe qualifi\u00e9e et fra\u00eechement recrut\u00e9e, Cardel Publicity Management se concentre sur toute la partie logistique des \u00e9v\u00e9nements presse de la production \u00e0 la sortie d\u2019un film en passant par l\u2019accompagnement des talents au quotidien.","og_url":"https:\/\/www.cardel-group.com\/fr\/publicity\/","og_site_name":"Cardel Group","article_modified_time":"2024-01-12T15:14:32+00:00","twitter_card":"summary_large_image","twitter_misc":{"Dur\u00e9e de lecture estim\u00e9e":"2 minutes"},"schema":{"@context":"https:\/\/schema.org","@graph":[{"@type":"WebPage","@id":"https:\/\/www.cardel-group.com\/fr\/publicity\/","url":"https:\/\/www.cardel-group.com\/fr\/publicity\/","name":"PUBLICITY MANAGEMENT - Cardel Group","isPartOf":{"@id":"https:\/\/www.cardel-group.com\/#website"},"datePublished":"2021-01-02T14:30:28+00:00","dateModified":"2024-01-12T15:14:32+00:00","description":"S\u2019appuyant sur toutes les comp\u00e9tences et du r\u00e9seau des diff\u00e9rentes divisions de Cardel Group, ainsi que sur l\u2019expertise d\u2019une nouvelle \u00e9quipe qualifi\u00e9e et fra\u00eechement recrut\u00e9e, Cardel Publicity Management se concentre sur toute la partie logistique des \u00e9v\u00e9nements presse de la production \u00e0 la sortie d\u2019un film en passant par l\u2019accompagnement des talents au quotidien.","breadcrumb":{"@id":"https:\/\/www.cardel-group.com\/fr\/publicity\/#breadcrumb"},"inLanguage":"fr-FR","potentialAction":[{"@type":"ReadAction","target":["https:\/\/www.cardel-group.com\/fr\/publicity\/"]}]},{"@type":"BreadcrumbList","@id":"https:\/\/www.cardel-group.com\/fr\/publicity\/#breadcrumb","itemListElement":[{"@type":"ListItem","position":1,"name":"Accueil","item":"https:\/\/www.cardel-group.com\/fr\/"},{"@type":"ListItem","position":2,"name":"PUBLICITY MANAGEMENT"}]},{"@type":"WebSite","@id":"https:\/\/www.cardel-group.com\/#website","url":"https:\/\/www.cardel-group.com\/","name":"Cardel Group","description":"Global Management Services","potentialAction":[{"@type":"SearchAction","target":{"@type":"EntryPoint","urlTemplate":"https:\/\/www.cardel-group.com\/?s={search_term_string}"},"query-input":{"@type":"PropertyValueSpecification","valueRequired":true,"valueName":"search_term_string"}}],"inLanguage":"fr-FR"}]}},"_links":{"self":[{"href":"https:\/\/www.cardel-group.com\/fr\/wp-json\/wp\/v2\/pages\/80394","targetHints":{"allow":["GET"]}}],"collection":[{"href":"https:\/\/www.cardel-group.com\/fr\/wp-json\/wp\/v2\/pages"}],"about":[{"href":"https:\/\/www.cardel-group.com\/fr\/wp-json\/wp\/v2\/types\/page"}],"author":[{"embeddable":true,"href":"https:\/\/www.cardel-group.com\/fr\/wp-json\/wp\/v2\/users\/1"}],"replies":[{"embeddable":true,"href":"https:\/\/www.cardel-group.com\/fr\/wp-json\/wp\/v2\/comments?post=80394"}],"version-history":[{"count":23,"href":"https:\/\/www.cardel-group.com\/fr\/wp-json\/wp\/v2\/pages\/80394\/revisions"}],"predecessor-version":[{"id":104925,"href":"https:\/\/www.cardel-group.com\/fr\/wp-json\/wp\/v2\/pages\/80394\/revisions\/104925"}],"wp:attachment":[{"href":"https:\/\/www.cardel-group.com\/fr\/wp-json\/wp\/v2\/media?parent=80394"}],"curies":[{"name":"wp","href":"https:\/\/api.w.org\/{rel}","templated":true}]}}