{"id":80369,"date":"2021-01-02T11:10:25","date_gmt":"2021-01-02T10:10:25","guid":{"rendered":"https:\/\/www.cardel-global.com\/?page_id=80369"},"modified":"2025-01-15T15:44:56","modified_gmt":"2025-01-15T14:44:56","slug":"travel","status":"publish","type":"page","link":"https:\/\/www.cardel-group.com\/fr\/travel\/","title":{"rendered":"TRANSPORT PROFESSIONNEL"},"content":{"rendered":"<div class=\"wpb-content-wrapper\"><p>[vc_row row_height_percent=\u00a0\u00bb0&Prime; override_padding=\u00a0\u00bbyes\u00a0\u00bb h_padding=\u00a0\u00bb2&Prime; top_padding=\u00a0\u00bb3&Prime; bottom_padding=\u00a0\u00bb3&Prime; back_image=\u00a0\u00bb80371&Prime; overlay_alpha=\u00a0\u00bb50&Prime; gutter_size=\u00a0\u00bb3&Prime; column_width_percent=\u00a0\u00bb100&Prime; shift_y=\u00a0\u00bb0&Prime; z_index=\u00a0\u00bb0&Prime; back_size=\u00a0\u00bbcover\u00a0\u00bb][vc_column width=\u00a0\u00bb1\/1&Prime;][vc_row_inner][vc_column_inner width=\u00a0\u00bb1\/4&Prime;][\/vc_column_inner][vc_column_inner column_width_percent=\u00a0\u00bb100&Prime; align_horizontal=\u00a0\u00bbalign_center\u00a0\u00bb gutter_size=\u00a0\u00bb3&Prime; overlay_alpha=\u00a0\u00bb50&Prime; shift_x=\u00a0\u00bb0&Prime; shift_y=\u00a0\u00bb0&Prime; shift_y_down=\u00a0\u00bb0&Prime; z_index=\u00a0\u00bb0&Prime; medium_width=\u00a0\u00bb0&Prime; mobile_width=\u00a0\u00bb0&Prime; width=\u00a0\u00bb1\/2&Prime;][vc_single_image media=\u00a0\u00bb102938&Prime; media_width_use_pixel=\u00a0\u00bbyes\u00a0\u00bb alignment=\u00a0\u00bbcenter\u00a0\u00bb media_width_pixel=\u00a0\u00bb200&Prime; uncode_shortcode_id=\u00a0\u00bb148348&Prime;][vc_custom_heading text_color=\u00a0\u00bbcolor-xsdn\u00a0\u00bb heading_semantic=\u00a0\u00bbh1&Prime; text_font=\u00a0\u00bbfont-202503&Prime; text_size=\u00a0\u00bbfontsize-155944&Prime; text_weight=\u00a0\u00bb600&Prime; text_space=\u00a0\u00bbfontspace-143757&Prime; uncode_shortcode_id=\u00a0\u00bb118027&Prime; text_color_type=\u00a0\u00bbuncode-palette\u00a0\u00bb]VOYAGES D&rsquo;AFFAIRES[\/vc_custom_heading][\/vc_column_inner][vc_column_inner width=\u00a0\u00bb1\/4&Prime;][\/vc_column_inner][\/vc_row_inner][\/vc_column][\/vc_row][vc_row][vc_column column_width_percent=\u00a0\u00bb100&Prime; align_horizontal=\u00a0\u00bbalign_center\u00a0\u00bb gutter_size=\u00a0\u00bb3&Prime; overlay_alpha=\u00a0\u00bb50&Prime; shift_x=\u00a0\u00bb0&Prime; shift_y=\u00a0\u00bb0&Prime; shift_y_down=\u00a0\u00bb0&Prime; z_index=\u00a0\u00bb0&Prime; medium_width=\u00a0\u00bb0&Prime; mobile_width=\u00a0\u00bb0&Prime; width=\u00a0\u00bb1\/1&Prime;][vc_custom_heading text_font=\u00a0\u00bbfont-202503&Prime; text_size=\u00a0\u00bbh1&Prime; text_weight=\u00a0\u00bb600&Prime;]SOLUTIONS DE TRANSPORT<\/p>\n<p>AU SERVICE DES ENTREPRISES[\/vc_custom_heading][\/vc_column][\/vc_row][vc_row][vc_column width=\u00a0\u00bb1\/2&Prime;][vc_accordion history=\u00a0\u00bbyes\u00a0\u00bb el_class=\u00a0\u00bbblack_box\u00a0\u00bb][vc_accordion_tab title=\u00a0\u00bbRoadshows &amp; Field Trips\u00a0\u00bb tab_id=\u00a0\u00bb1609582902-1-5&Prime;][vc_column_text uncode_shortcode_id=\u00a0\u00bb202871&Prime;]<span style=\"font-weight: 400;\">Avec une \u00e9quipe exp\u00e9riment\u00e9e, d\u00e9di\u00e9e aux roadshows financiers et Field Trips, Cardel Group utilise les derni\u00e8res technologies d\u00e9di\u00e9es \u00e0 la gestion de voyages aux multiples composantes, combinant diff\u00e9rents agendas, itin\u00e9raires de voyage et horaires de r\u00e9unions. <\/span><span style=\"font-weight: 400;\">Nos \u00e9quipes assurent un contr\u00f4le qualit\u00e9 permanent gr\u00e2ce \u00e0 notre implantation sur plusieurs continents.<\/span>[\/vc_column_text][\/vc_accordion_tab][vc_accordion_tab title=\u00a0\u00bbR\u00c9SEAU MONDIAL D&rsquo;AFFILI\u00c9S\u00a0\u00bb tab_id=\u00a0\u00bb1609582902-2-24&Prime;][vc_column_text uncode_shortcode_id=\u00a0\u00bb519607&Prime;]<span style=\"font-weight: 400;\">Gr\u00e2ce \u00e0 un r\u00e9seau de 350 affili\u00e9s et \u00e0 une expertise reconnue, Cardel Group propose des solutions de transport de personnes \u00e0 l\u2019international, 24h\/24 et 7j\/7. Nos affili\u00e9s respectent la m\u00eame charte de qualit\u00e9 et suivent les m\u00eames processus de contr\u00f4le \u00e0 travers le monde.<\/span>[\/vc_column_text][\/vc_accordion_tab][vc_accordion_tab title=\u00a0\u00bbGlobal Projects Coordinators\u00a0\u00bb tab_id=\u00a0\u00bb1609584222246-2-8&Prime;][vc_column_text uncode_shortcode_id=\u00a0\u00bb780593&Prime;]<span style=\"font-weight: 400;\">Enti\u00e8rement d\u00e9di\u00e9 \u00e0 la satisfaction de vos demandes 7 jours sur 7, chaque voyage est directement supervis\u00e9 par votre charg\u00e9 de client\u00e8le, restant votre point de contact privil\u00e9gi\u00e9 24\/24, 7\/7.<\/span>[\/vc_column_text][\/vc_accordion_tab][vc_accordion_tab title=\u00a0\u00bbLarge choix de v\u00e9hicules\u00a0\u00bb tab_id=\u00a0\u00bb1609584244974-3-3&Prime;][vc_column_text uncode_shortcode_id=\u00a0\u00bb494164&Prime;]<span style=\"font-weight: 400;\">Renouvel\u00e9s tous les 3 ans et entretenus par nos responsables \u00ab Parc automobile \u00bb , notre flotte de berlines haut de gamme, Vans et SUV est plus que jamais tourn\u00e9e vers l\u2019avenir. Cardel Group a choisi de r\u00e9duire ses \u00e9missions de CO2, en misant sur une flotte de v\u00e9hicules 100 % hybrides et \u00e9lectriques \u00e0 horizon 2025.<\/span>[\/vc_column_text][\/vc_accordion_tab][vc_accordion_tab title=\u00a0\u00bbGlobal Management Tool\u00a0\u00bb tab_id=\u00a0\u00bb1609584256742-4-9&Prime;][vc_column_text]<span style=\"font-weight: 400;\">Nos bureaux communiquent \u00e0 travers un outil de communication commun pour assurer une fluidit\u00e9 dans la transmission des informations, associ\u00e9 \u00e0 un suivi \u00ab projet \u00bb personnalis\u00e9 24h\/24.<\/span><\/p>\n<p><span style=\"font-weight: 400;\">Gr\u00e2ce \u00e0 notre syst\u00e8me de r\u00e9servations, votre coordinateur de projet est en mesure de confirmer rapidement votre r\u00e9servation et de fournir les coordonn\u00e9es du chauffeur et l&rsquo;immatriculation des v\u00e9hicules avant 72 heures avant le d\u00e9but de la mission.<\/span>[\/vc_column_text][\/vc_accordion_tab][vc_accordion_tab title=\u00a0\u00bbPR\u00c9VENTION DES RISQUES\u00a0\u00bb tab_id=\u00a0\u00bb1609584267110-5-5&Prime;][vc_column_text]<span style=\"font-weight: 400;\">La veille de votre r\u00e9servation (o\u00f9 que vous soyez dans le monde), un coordinateur v\u00e9rifiera tous les d\u00e9tails de votre programme tels que l&rsquo;heure et le lieu de prise en charge, l&rsquo;itin\u00e9raire, etc. et prendra en compte en collaboration avec le chauffeur tout \u00e9v\u00e9nement local susceptible d\u2019affecter votre d\u00e9placement. Une heure avant chaque d\u00e9but de mission, un coordinateur confirmera \u00e9galement avec chaque chauffeur les moindres d\u00e9tails de sa mission.<\/span>[\/vc_column_text][\/vc_accordion_tab][vc_accordion_tab title=\u00a0\u00bbCONTRATS DE LONGUE DUR\u00c9E\u00a0\u00bb tab_id=\u00a0\u00bb1609584280637-6-2&Prime;][vc_column_text uncode_shortcode_id=\u00a0\u00bb115669&Prime;]<span style=\"font-weight: 400;\">Cardel Group est reconnu pour son expertise et professionnalisme dans le domaine du transport de personnes haut de gamme d\u00e9di\u00e9 aux dirigeants des plus grands groupes internationaux \u00e0 travers le monde. Ainsi, une diversification naturelle de nos services s\u2019est orient\u00e9e vers la mise \u00e0 disposition de chauffeurs form\u00e9s aux besoins de nos clients ainsi qu\u2019une offre plus large de v\u00e9hicules \u00e0 travers la mise en place de contrats de longue dur\u00e9e. Cette approche personnalis\u00e9e offre commodit\u00e9, s\u00e9curit\u00e9, confidentialit\u00e9 et optimisation des co\u00fbts aux entreprises qui souhaitent externaliser ces prestations de service sensibles.<\/span>[\/vc_column_text][\/vc_accordion_tab][\/vc_accordion][\/vc_column][vc_column width=\u00a0\u00bb1\/2&Prime;][vc_single_image media=\u00a0\u00bb80601&Prime; media_width_percent=\u00a0\u00bb100&Prime;][vc_single_image media=\u00a0\u00bb80602&Prime; media_width_percent=\u00a0\u00bb100&Prime;][\/vc_column][\/vc_row][vc_row][vc_column width=\u00a0\u00bb1\/1&Prime;][vc_row_inner][vc_column_inner width=\u00a0\u00bb1\/4&Prime;][\/vc_column_inner][vc_column_inner column_width_percent=\u00a0\u00bb100&Prime; align_horizontal=\u00a0\u00bbalign_center\u00a0\u00bb gutter_size=\u00a0\u00bb3&Prime; overlay_alpha=\u00a0\u00bb50&Prime; shift_x=\u00a0\u00bb0&Prime; shift_y=\u00a0\u00bb0&Prime; shift_y_down=\u00a0\u00bb0&Prime; z_index=\u00a0\u00bb0&Prime; medium_width=\u00a0\u00bb0&Prime; mobile_width=\u00a0\u00bb0&Prime; width=\u00a0\u00bb1\/2&Prime;][vc_button button_color=\u00a0\u00bbcolor-jevc\u00a0\u00bb size=\u00a0\u00bbbtn-sm\u00a0\u00bb radius=\u00a0\u00bbbtn-circle\u00a0\u00bb border_width=\u00a0\u00bb0&Prime; el_class=\u00a0\u00bborange-b\u00a0\u00bb link=\u00a0\u00bburl:%23contact|||\u00a0\u00bb]information request[\/vc_button][\/vc_column_inner][vc_column_inner width=\u00a0\u00bb1\/4&Prime;][\/vc_column_inner][\/vc_row_inner][\/vc_column][\/vc_row][vc_row][vc_column column_width_percent=\u00a0\u00bb100&Prime; align_horizontal=\u00a0\u00bbalign_center\u00a0\u00bb gutter_size=\u00a0\u00bb3&Prime; overlay_alpha=\u00a0\u00bb50&Prime; shift_x=\u00a0\u00bb0&Prime; shift_y=\u00a0\u00bb0&Prime; shift_y_down=\u00a0\u00bb0&Prime; z_index=\u00a0\u00bb0&Prime; medium_width=\u00a0\u00bb0&Prime; mobile_width=\u00a0\u00bb0&Prime; width=\u00a0\u00bb1\/1&Prime;][vc_custom_heading text_font=\u00a0\u00bbfont-202503&Prime; text_weight=\u00a0\u00bb600&Prime;]NOTRE FLOTTE DE V\u00c9HICULES[\/vc_custom_heading][\/vc_column][\/vc_row][vc_row][vc_column width=\u00a0\u00bb1\/3&Prime;][vc_gallery el_id=\u00a0\u00bbgallery-137997&Prime; medias=\u00a0\u00bb105059&Prime; filtering=\u00a0\u00bbyes\u00a0\u00bb filtering_uppercase=\u00a0\u00bbyes\u00a0\u00bb gutter_size=\u00a0\u00bb2&Prime; media_items=\u00a0\u00bbmedia|lightbox|original,icon,title,description\u00a0\u00bb screen_lg=\u00a0\u00bb1000&Prime; screen_md=\u00a0\u00bb600&Prime; screen_sm=\u00a0\u00bb480&Prime; single_text=\u00a0\u00bbunder\u00a0\u00bb images_size=\u00a0\u00bbthree-two\u00a0\u00bb single_overlay_opacity=\u00a0\u00bb50&Prime; single_padding=\u00a0\u00bb2&Prime; single_title_family=\u00a0\u00bbfont-102838&Prime; single_title_dimension=\u00a0\u00bbh4&Prime; single_title_transform=\u00a0\u00bbuppercase\u00a0\u00bb lbox_title=\u00a0\u00bbyes\u00a0\u00bb lbox_caption=\u00a0\u00bbyes\u00a0\u00bb filter_all_text=\u00a0\u00bbTout\u00a0\u00bb uncode_shortcode_id=\u00a0\u00bb213465&Prime;][\/vc_column][vc_column width=\u00a0\u00bb1\/3&Prime;][vc_gallery el_id=\u00a0\u00bbgallery-137997&Prime; medias=\u00a0\u00bb105034&Prime; filtering=\u00a0\u00bbyes\u00a0\u00bb filtering_uppercase=\u00a0\u00bbyes\u00a0\u00bb gutter_size=\u00a0\u00bb2&Prime; media_items=\u00a0\u00bbmedia|lightbox|original,icon,title,description\u00a0\u00bb screen_lg=\u00a0\u00bb1000&Prime; screen_md=\u00a0\u00bb600&Prime; screen_sm=\u00a0\u00bb480&Prime; single_text=\u00a0\u00bbunder\u00a0\u00bb images_size=\u00a0\u00bbthree-two\u00a0\u00bb single_overlay_opacity=\u00a0\u00bb50&Prime; single_padding=\u00a0\u00bb2&Prime; single_title_family=\u00a0\u00bbfont-102838&Prime; single_title_dimension=\u00a0\u00bbh4&Prime; single_title_transform=\u00a0\u00bbuppercase\u00a0\u00bb lbox_title=\u00a0\u00bbyes\u00a0\u00bb lbox_caption=\u00a0\u00bbyes\u00a0\u00bb filter_all_text=\u00a0\u00bbTout\u00a0\u00bb uncode_shortcode_id=\u00a0\u00bb216377&Prime;][\/vc_column][vc_column width=\u00a0\u00bb1\/3&Prime;][vc_gallery el_id=\u00a0\u00bbgallery-137997&Prime; medias=\u00a0\u00bb105046&Prime; filtering=\u00a0\u00bbyes\u00a0\u00bb filtering_uppercase=\u00a0\u00bbyes\u00a0\u00bb gutter_size=\u00a0\u00bb2&Prime; media_items=\u00a0\u00bbmedia|lightbox|original,icon,title,description\u00a0\u00bb screen_lg=\u00a0\u00bb1000&Prime; screen_md=\u00a0\u00bb600&Prime; screen_sm=\u00a0\u00bb480&Prime; single_text=\u00a0\u00bbunder\u00a0\u00bb images_size=\u00a0\u00bbthree-two\u00a0\u00bb single_overlay_opacity=\u00a0\u00bb50&Prime; single_padding=\u00a0\u00bb2&Prime; single_title_family=\u00a0\u00bbfont-102838&Prime; single_title_dimension=\u00a0\u00bbh4&Prime; single_title_transform=\u00a0\u00bbuppercase\u00a0\u00bb lbox_title=\u00a0\u00bbyes\u00a0\u00bb lbox_caption=\u00a0\u00bbyes\u00a0\u00bb filter_all_text=\u00a0\u00bbTout\u00a0\u00bb uncode_shortcode_id=\u00a0\u00bb141860&Prime;][\/vc_column][\/vc_row][vc_row][vc_column width=\u00a0\u00bb1\/1&Prime;][vc_row_inner][vc_column_inner width=\u00a0\u00bb1\/4&Prime;][\/vc_column_inner][vc_column_inner column_width_percent=\u00a0\u00bb100&Prime; align_horizontal=\u00a0\u00bbalign_center\u00a0\u00bb gutter_size=\u00a0\u00bb3&Prime; overlay_alpha=\u00a0\u00bb50&Prime; shift_x=\u00a0\u00bb0&Prime; shift_y=\u00a0\u00bb0&Prime; shift_y_down=\u00a0\u00bb0&Prime; z_index=\u00a0\u00bb0&Prime; medium_width=\u00a0\u00bb0&Prime; mobile_width=\u00a0\u00bb0&Prime; width=\u00a0\u00bb1\/2&Prime;][vc_button button_color=\u00a0\u00bbcolor-jevc\u00a0\u00bb size=\u00a0\u00bbbtn-sm\u00a0\u00bb radius=\u00a0\u00bbbtn-circle\u00a0\u00bb border_width=\u00a0\u00bb0&Prime; el_class=\u00a0\u00bborange-b\u00a0\u00bb link=\u00a0\u00bburl:https%3A%2F%2Fwww.cardel-group.com%2Ffr%2Fflotte-de-vehicules%2F|title:OUR%20FLEET||\u00a0\u00bb button_color_type=\u00a0\u00bbuncode-palette\u00a0\u00bb uncode_shortcode_id=\u00a0\u00bb158384&Prime;]D\u00e9couvrez notre flotte automobile[\/vc_button][\/vc_column_inner][vc_column_inner width=\u00a0\u00bb1\/4&Prime;][\/vc_column_inner][\/vc_row_inner][\/vc_column][\/vc_row][vc_row row_height_percent=\u00a0\u00bb0&Prime; back_image=\u00a0\u00bb80384&Prime; back_repeat=\u00a0\u00bbno-repeat\u00a0\u00bb overlay_alpha=\u00a0\u00bb50&Prime; equal_height=\u00a0\u00bbyes\u00a0\u00bb gutter_size=\u00a0\u00bb3&Prime; column_width_percent=\u00a0\u00bb100&Prime; shift_y=\u00a0\u00bb0&Prime; z_index=\u00a0\u00bb0&Prime; back_size=\u00a0\u00bbcover\u00a0\u00bb][vc_column column_width_percent=\u00a0\u00bb100&Prime; position_vertical=\u00a0\u00bbmiddle\u00a0\u00bb align_horizontal=\u00a0\u00bbalign_right\u00a0\u00bb gutter_size=\u00a0\u00bb3&Prime; overlay_alpha=\u00a0\u00bb50&Prime; shift_x=\u00a0\u00bb0&Prime; shift_y=\u00a0\u00bb0&Prime; shift_y_down=\u00a0\u00bb0&Prime; z_index=\u00a0\u00bb0&Prime; medium_width=\u00a0\u00bb0&Prime; mobile_width=\u00a0\u00bb0&Prime; width=\u00a0\u00bb1\/2&Prime;][vc_empty_space empty_h=\u00a0\u00bb2&Prime;][vc_single_image media=\u00a0\u00bb102938&Prime; media_width_use_pixel=\u00a0\u00bbyes\u00a0\u00bb alignment=\u00a0\u00bbright\u00a0\u00bb media_width_pixel=\u00a0\u00bb100&Prime; uncode_shortcode_id=\u00a0\u00bb153551&Prime;][vc_custom_heading text_color=\u00a0\u00bbcolor-xsdn\u00a0\u00bb text_font=\u00a0\u00bbfont-202503&Prime; text_size=\u00a0\u00bbfontsize-155944&Prime; text_weight=\u00a0\u00bb600&Prime; text_transform=\u00a0\u00bbuppercase\u00a0\u00bb][\/vc_custom_heading][\/vc_column][vc_column column_width_percent=\u00a0\u00bb100&Prime; position_vertical=\u00a0\u00bbmiddle\u00a0\u00bb gutter_size=\u00a0\u00bb3&Prime; overlay_alpha=\u00a0\u00bb50&Prime; border_color=\u00a0\u00bbcolor-xsdn\u00a0\u00bb border_style=\u00a0\u00bbsolid\u00a0\u00bb shift_x=\u00a0\u00bb0&Prime; shift_y=\u00a0\u00bb0&Prime; shift_y_down=\u00a0\u00bb0&Prime; z_index=\u00a0\u00bb0&Prime; medium_width=\u00a0\u00bb0&Prime; mobile_width=\u00a0\u00bb0&Prime; width=\u00a0\u00bb1\/2&Prime; css=\u00a0\u00bb.vc_custom_1609598980227{border-left-width: 1px !important;padding-left: 10px !important;}\u00a0\u00bb][vc_custom_heading text_color=\u00a0\u00bbcolor-xsdn\u00a0\u00bb heading_semantic=\u00a0\u00bbh3&Prime; text_font=\u00a0\u00bbfont-762333&Prime; text_height=\u00a0\u00bbfontheight-357766&Prime;]Solutions de transport exclusives<br \/>\nR\u00e9seau mondial<br \/>\nPonctualit\u00e9 et flexibilit\u00e9<br \/>\nS\u00e9curit\u00e9<br \/>\nGestion de projet<br \/>\nOptimisation des co\u00fbts[\/vc_custom_heading][\/vc_column][\/vc_row][vc_row][vc_column column_width_percent=\u00a0\u00bb100&Prime; align_horizontal=\u00a0\u00bbalign_center\u00a0\u00bb gutter_size=\u00a0\u00bb3&Prime; overlay_alpha=\u00a0\u00bb50&Prime; shift_x=\u00a0\u00bb0&Prime; shift_y=\u00a0\u00bb0&Prime; shift_y_down=\u00a0\u00bb0&Prime; z_index=\u00a0\u00bb0&Prime; medium_width=\u00a0\u00bb0&Prime; mobile_width=\u00a0\u00bb0&Prime; width=\u00a0\u00bb1\/1&Prime;][vc_custom_heading text_font=\u00a0\u00bbfont-202503&Prime; text_weight=\u00a0\u00bb600&Prime;]CONTACTEZ-NOUS[\/vc_custom_heading][\/vc_column][\/vc_row][vc_row row_height_percent=\u00a0\u00bb0&Prime; overlay_alpha=\u00a0\u00bb50&Prime; gutter_size=\u00a0\u00bb3&Prime; column_width_percent=\u00a0\u00bb100&Prime; shift_y=\u00a0\u00bb0&Prime; z_index=\u00a0\u00bb0&Prime; el_id=\u00a0\u00bbcontact\u00a0\u00bb][vc_column width=\u00a0\u00bb1\/4&Prime;][\/vc_column][vc_column column_width_percent=\u00a0\u00bb100&Prime; align_horizontal=\u00a0\u00bbalign_center\u00a0\u00bb gutter_size=\u00a0\u00bb3&Prime; overlay_alpha=\u00a0\u00bb50&Prime; shift_x=\u00a0\u00bb0&Prime; shift_y=\u00a0\u00bb0&Prime; shift_y_down=\u00a0\u00bb0&Prime; z_index=\u00a0\u00bb0&Prime; medium_width=\u00a0\u00bb0&Prime; mobile_width=\u00a0\u00bb0&Prime; width=\u00a0\u00bb1\/2&Prime;]\n<div class=\"wpcf7 no-js\" id=\"wpcf7-f104913-o1\" lang=\"en-US\" dir=\"ltr\" data-wpcf7-id=\"104913\">\n<div class=\"screen-reader-response\"><p role=\"status\" aria-live=\"polite\" aria-atomic=\"true\"><\/p> <ul><\/ul><\/div>\n<form action=\"\/fr\/wp-json\/wp\/v2\/pages\/80369#wpcf7-f104913-o1\" method=\"post\" class=\"wpcf7-form init\" aria-label=\"Contact form\" novalidate=\"novalidate\" data-status=\"init\">\n<div style=\"display: none;\">\n<input type=\"hidden\" name=\"_wpcf7\" value=\"104913\" \/>\n<input type=\"hidden\" name=\"_wpcf7_version\" value=\"6.0.4\" \/>\n<input type=\"hidden\" name=\"_wpcf7_locale\" value=\"en_US\" \/>\n<input type=\"hidden\" name=\"_wpcf7_unit_tag\" value=\"wpcf7-f104913-o1\" \/>\n<input type=\"hidden\" name=\"_wpcf7_container_post\" value=\"0\" \/>\n<input type=\"hidden\" name=\"_wpcf7_posted_data_hash\" value=\"\" \/>\n<input type=\"hidden\" name=\"_wpcf7_recaptcha_response\" value=\"\" \/>\n<\/div>\n<p>Name (required)\n<\/p>\n<p><span class=\"wpcf7-form-control-wrap\" data-name=\"your-firstname\"><input size=\"40\" maxlength=\"400\" class=\"wpcf7-form-control wpcf7-text wpcf7-validates-as-required form-fluid\" aria-required=\"true\" aria-invalid=\"false\" value=\"\" type=\"text\" name=\"your-firstname\" \/><\/span>\n<\/p>\n<p>Email (required)\n<\/p>\n<p><span class=\"wpcf7-form-control-wrap\" data-name=\"your-email\"><input size=\"40\" maxlength=\"400\" class=\"wpcf7-form-control wpcf7-email wpcf7-validates-as-required wpcf7-text wpcf7-validates-as-email form-fluid\" aria-required=\"true\" aria-invalid=\"false\" value=\"\" type=\"email\" name=\"your-email\" \/><\/span>\n<\/p>\n<p>Message\n<\/p>\n<p><span class=\"wpcf7-form-control-wrap\" data-name=\"your-message\"><textarea cols=\"40\" rows=\"8\" maxlength=\"2000\" class=\"wpcf7-form-control wpcf7-textarea\" aria-invalid=\"false\" name=\"your-message\"><\/textarea><\/span>\n<\/p>\n<p><input class=\"wpcf7-form-control wpcf7-submit has-spinner btn btn-accent\" type=\"submit\" value=\"Click the button\" \/>\n<\/p><div class=\"wpcf7-response-output\" aria-hidden=\"true\"><\/div>\n<\/form>\n<\/div>\n[\/vc_column][vc_column width=\u00a0\u00bb1\/4&Prime;][\/vc_column][\/vc_row]<\/p>\n<\/div>","protected":false},"excerpt":{"rendered":"<p>[vc_row row_height_percent=\u00a0\u00bb0&Prime; override_padding=\u00a0\u00bbyes\u00a0\u00bb h_padding=\u00a0\u00bb2&Prime; top_padding=\u00a0\u00bb3&Prime; bottom_padding=\u00a0\u00bb3&Prime; back_image=\u00a0\u00bb80371&Prime; overlay_alpha=\u00a0\u00bb50&Prime; gutter_size=\u00a0\u00bb3&Prime; column_width_percent=\u00a0\u00bb100&Prime; shift_y=\u00a0\u00bb0&Prime; z_index=\u00a0\u00bb0&Prime; back_size=\u00a0\u00bbcover\u00a0\u00bb][vc_column width=\u00a0\u00bb1\/1&Prime;][vc_row_inner][vc_column_inner width=\u00a0\u00bb1\/4&Prime;][\/vc_column_inner][vc_column_inner column_width_percent=\u00a0\u00bb100&Prime; align_horizontal=\u00a0\u00bbalign_center\u00a0\u00bb gutter_size=\u00a0\u00bb3&Prime; overlay_alpha=\u00a0\u00bb50&Prime; shift_x=\u00a0\u00bb0&Prime; [&hellip;]<\/p>\n","protected":false},"author":1,"featured_media":0,"parent":0,"menu_order":0,"comment_status":"closed","ping_status":"closed","template":"","meta":{"footnotes":""},"class_list":["post-80369","page","type-page","status-publish","hentry"],"yoast_head":"<!-- This site is optimized with the Yoast SEO plugin v24.5 - https:\/\/yoast.com\/wordpress\/plugins\/seo\/ -->\n<title>TRANSPORT PROFESSIONNEL - Cardel Group<\/title>\n<meta name=\"robots\" content=\"index, follow, max-snippet:-1, max-image-preview:large, max-video-preview:-1\" \/>\n<link rel=\"canonical\" href=\"https:\/\/www.cardel-group.com\/fr\/travel\/\" \/>\n<meta property=\"og:locale\" content=\"fr_FR\" \/>\n<meta property=\"og:type\" content=\"article\" \/>\n<meta property=\"og:title\" content=\"TRANSPORT PROFESSIONNEL - Cardel Group\" \/>\n<meta property=\"og:description\" content=\"[vc_row row_height_percent=\u00a0\u00bb0&Prime; override_padding=\u00a0\u00bbyes\u00a0\u00bb h_padding=\u00a0\u00bb2&Prime; top_padding=\u00a0\u00bb3&Prime; bottom_padding=\u00a0\u00bb3&Prime; back_image=\u00a0\u00bb80371&Prime; overlay_alpha=\u00a0\u00bb50&Prime; gutter_size=\u00a0\u00bb3&Prime; column_width_percent=\u00a0\u00bb100&Prime; shift_y=\u00a0\u00bb0&Prime; z_index=\u00a0\u00bb0&Prime; back_size=\u00a0\u00bbcover\u00a0\u00bb][vc_column width=\u00a0\u00bb1\/1&Prime;][vc_row_inner][vc_column_inner width=\u00a0\u00bb1\/4&Prime;][\/vc_column_inner][vc_column_inner column_width_percent=\u00a0\u00bb100&Prime; align_horizontal=\u00a0\u00bbalign_center\u00a0\u00bb gutter_size=\u00a0\u00bb3&Prime; overlay_alpha=\u00a0\u00bb50&Prime; shift_x=\u00a0\u00bb0&Prime; [&hellip;]\" \/>\n<meta property=\"og:url\" content=\"https:\/\/www.cardel-group.com\/fr\/travel\/\" \/>\n<meta property=\"og:site_name\" content=\"Cardel Group\" \/>\n<meta property=\"article:modified_time\" content=\"2025-01-15T14:44:56+00:00\" \/>\n<meta name=\"twitter:card\" content=\"summary_large_image\" \/>\n<meta name=\"twitter:label1\" content=\"Dur\u00e9e de lecture estim\u00e9e\" \/>\n\t<meta name=\"twitter:data1\" content=\"4 minutes\" \/>\n<script type=\"application\/ld+json\" class=\"yoast-schema-graph\">{\"@context\":\"https:\/\/schema.org\",\"@graph\":[{\"@type\":\"WebPage\",\"@id\":\"https:\/\/www.cardel-group.com\/fr\/travel\/\",\"url\":\"https:\/\/www.cardel-group.com\/fr\/travel\/\",\"name\":\"TRANSPORT PROFESSIONNEL - Cardel Group\",\"isPartOf\":{\"@id\":\"https:\/\/www.cardel-group.com\/#website\"},\"datePublished\":\"2021-01-02T10:10:25+00:00\",\"dateModified\":\"2025-01-15T14:44:56+00:00\",\"breadcrumb\":{\"@id\":\"https:\/\/www.cardel-group.com\/fr\/travel\/#breadcrumb\"},\"inLanguage\":\"fr-FR\",\"potentialAction\":[{\"@type\":\"ReadAction\",\"target\":[\"https:\/\/www.cardel-group.com\/fr\/travel\/\"]}]},{\"@type\":\"BreadcrumbList\",\"@id\":\"https:\/\/www.cardel-group.com\/fr\/travel\/#breadcrumb\",\"itemListElement\":[{\"@type\":\"ListItem\",\"position\":1,\"name\":\"Accueil\",\"item\":\"https:\/\/www.cardel-group.com\/fr\/\"},{\"@type\":\"ListItem\",\"position\":2,\"name\":\"TRANSPORT PROFESSIONNEL\"}]},{\"@type\":\"WebSite\",\"@id\":\"https:\/\/www.cardel-group.com\/#website\",\"url\":\"https:\/\/www.cardel-group.com\/\",\"name\":\"Cardel Group\",\"description\":\"Global Management Services\",\"potentialAction\":[{\"@type\":\"SearchAction\",\"target\":{\"@type\":\"EntryPoint\",\"urlTemplate\":\"https:\/\/www.cardel-group.com\/?s={search_term_string}\"},\"query-input\":{\"@type\":\"PropertyValueSpecification\",\"valueRequired\":true,\"valueName\":\"search_term_string\"}}],\"inLanguage\":\"fr-FR\"}]}<\/script>\n<!-- \/ Yoast SEO plugin. -->","yoast_head_json":{"title":"TRANSPORT PROFESSIONNEL - Cardel Group","robots":{"index":"index","follow":"follow","max-snippet":"max-snippet:-1","max-image-preview":"max-image-preview:large","max-video-preview":"max-video-preview:-1"},"canonical":"https:\/\/www.cardel-group.com\/fr\/travel\/","og_locale":"fr_FR","og_type":"article","og_title":"TRANSPORT PROFESSIONNEL - Cardel Group","og_description":"[vc_row row_height_percent=\u00a0\u00bb0&Prime; override_padding=\u00a0\u00bbyes\u00a0\u00bb h_padding=\u00a0\u00bb2&Prime; top_padding=\u00a0\u00bb3&Prime; bottom_padding=\u00a0\u00bb3&Prime; back_image=\u00a0\u00bb80371&Prime; overlay_alpha=\u00a0\u00bb50&Prime; gutter_size=\u00a0\u00bb3&Prime; column_width_percent=\u00a0\u00bb100&Prime; shift_y=\u00a0\u00bb0&Prime; z_index=\u00a0\u00bb0&Prime; back_size=\u00a0\u00bbcover\u00a0\u00bb][vc_column width=\u00a0\u00bb1\/1&Prime;][vc_row_inner][vc_column_inner width=\u00a0\u00bb1\/4&Prime;][\/vc_column_inner][vc_column_inner column_width_percent=\u00a0\u00bb100&Prime; align_horizontal=\u00a0\u00bbalign_center\u00a0\u00bb gutter_size=\u00a0\u00bb3&Prime; overlay_alpha=\u00a0\u00bb50&Prime; shift_x=\u00a0\u00bb0&Prime; [&hellip;]","og_url":"https:\/\/www.cardel-group.com\/fr\/travel\/","og_site_name":"Cardel Group","article_modified_time":"2025-01-15T14:44:56+00:00","twitter_card":"summary_large_image","twitter_misc":{"Dur\u00e9e de lecture estim\u00e9e":"4 minutes"},"schema":{"@context":"https:\/\/schema.org","@graph":[{"@type":"WebPage","@id":"https:\/\/www.cardel-group.com\/fr\/travel\/","url":"https:\/\/www.cardel-group.com\/fr\/travel\/","name":"TRANSPORT PROFESSIONNEL - Cardel Group","isPartOf":{"@id":"https:\/\/www.cardel-group.com\/#website"},"datePublished":"2021-01-02T10:10:25+00:00","dateModified":"2025-01-15T14:44:56+00:00","breadcrumb":{"@id":"https:\/\/www.cardel-group.com\/fr\/travel\/#breadcrumb"},"inLanguage":"fr-FR","potentialAction":[{"@type":"ReadAction","target":["https:\/\/www.cardel-group.com\/fr\/travel\/"]}]},{"@type":"BreadcrumbList","@id":"https:\/\/www.cardel-group.com\/fr\/travel\/#breadcrumb","itemListElement":[{"@type":"ListItem","position":1,"name":"Accueil","item":"https:\/\/www.cardel-group.com\/fr\/"},{"@type":"ListItem","position":2,"name":"TRANSPORT PROFESSIONNEL"}]},{"@type":"WebSite","@id":"https:\/\/www.cardel-group.com\/#website","url":"https:\/\/www.cardel-group.com\/","name":"Cardel Group","description":"Global Management Services","potentialAction":[{"@type":"SearchAction","target":{"@type":"EntryPoint","urlTemplate":"https:\/\/www.cardel-group.com\/?s={search_term_string}"},"query-input":{"@type":"PropertyValueSpecification","valueRequired":true,"valueName":"search_term_string"}}],"inLanguage":"fr-FR"}]}},"_links":{"self":[{"href":"https:\/\/www.cardel-group.com\/fr\/wp-json\/wp\/v2\/pages\/80369","targetHints":{"allow":["GET"]}}],"collection":[{"href":"https:\/\/www.cardel-group.com\/fr\/wp-json\/wp\/v2\/pages"}],"about":[{"href":"https:\/\/www.cardel-group.com\/fr\/wp-json\/wp\/v2\/types\/page"}],"author":[{"embeddable":true,"href":"https:\/\/www.cardel-group.com\/fr\/wp-json\/wp\/v2\/users\/1"}],"replies":[{"embeddable":true,"href":"https:\/\/www.cardel-group.com\/fr\/wp-json\/wp\/v2\/comments?post=80369"}],"version-history":[{"count":42,"href":"https:\/\/www.cardel-group.com\/fr\/wp-json\/wp\/v2\/pages\/80369\/revisions"}],"predecessor-version":[{"id":105079,"href":"https:\/\/www.cardel-group.com\/fr\/wp-json\/wp\/v2\/pages\/80369\/revisions\/105079"}],"wp:attachment":[{"href":"https:\/\/www.cardel-group.com\/fr\/wp-json\/wp\/v2\/media?parent=80369"}],"curies":[{"name":"wp","href":"https:\/\/api.w.org\/{rel}","templated":true}]}}