{"id":79710,"date":"2019-09-13T16:49:32","date_gmt":"2019-09-13T15:49:32","guid":{"rendered":"https:\/\/www.cardel-global.com\/?page_id=79710"},"modified":"2021-06-23T14:13:36","modified_gmt":"2021-06-23T13:13:36","slug":"contrat-long-duree","status":"publish","type":"page","link":"https:\/\/www.cardel-group.com\/fr\/contrat-long-duree\/","title":{"rendered":"Contrat Longue Dur\u00e9e"},"content":{"rendered":"<div class=\"wpb-content-wrapper\"><p>[vc_row][vc_column column_width_percent=\u00a0\u00bb100&Prime; gutter_size=\u00a0\u00bb3&Prime; overlay_alpha=\u00a0\u00bb50&Prime; shift_x=\u00a0\u00bb0&Prime; shift_y=\u00a0\u00bb0&Prime; shift_y_down=\u00a0\u00bb0&Prime; z_index=\u00a0\u00bb0&Prime; medium_width=\u00a0\u00bb0&Prime; mobile_width=\u00a0\u00bb0&Prime; width=\u00a0\u00bb1\/1&Prime;][vc_separator sep_color=\u00a0\u00bbcolor-jevc\u00a0\u00bb el_width=\u00a0\u00bb20%\u00a0\u00bb el_height=\u00a0\u00bb8px\u00a0\u00bb][vc_column_text]<\/p>\n<h5 style=\"text-align: justify;\"><span class=\"font-202503\">CARDEL GROUP, au travers de son activit\u00e9 principale de transport de personnes \u00e0 l\u2019international, v\u00e9hicule les dirigeants et d\u00e9cideurs des plus grands groupes internationaux. Le contrat de longue dur\u00e9e est une prestation de transport sur-mesure, adapt\u00e9e aux besoins du client, permettant d&rsquo;externaliser les co\u00fbts li\u00e9s au chauffeur, au v\u00e9hicule et sa maintenance. Cette solution reste de loin la plus flexible et avantageuse en terme d&rsquo;optimisation des co\u00fbts, alliant confidentialit\u00e9 et confort sur le long terme.<\/span><\/h5>\n<p>[\/vc_column_text][vc_row_inner][vc_column_inner column_width_percent=\u00a0\u00bb100&Prime; position_vertical=\u00a0\u00bbmiddle\u00a0\u00bb align_horizontal=\u00a0\u00bbalign_center\u00a0\u00bb gutter_size=\u00a0\u00bb3&Prime; overlay_alpha=\u00a0\u00bb50&Prime; shift_x=\u00a0\u00bb0&Prime; shift_y=\u00a0\u00bb0&Prime; shift_y_down=\u00a0\u00bb0&Prime; z_index=\u00a0\u00bb0&Prime; medium_width=\u00a0\u00bb0&Prime; mobile_width=\u00a0\u00bb0&Prime; width=\u00a0\u00bb1\/1&Prime;][vc_button size=\u00a0\u00bbbtn-lg\u00a0\u00bb radius=\u00a0\u00bbbtn-square\u00a0\u00bb border_width=\u00a0\u00bb0&Prime; link=\u00a0\u00bburl:https%3A%2F%2Fwww.cardel-group.com%2Ffr%2Fflotte-de-vehicules%2F|title:Flotte%20de%20v%C3%A9hicules||\u00a0\u00bb]D\u00e9couvrir Notre Flotte[\/vc_button][\/vc_column_inner][\/vc_row_inner][\/vc_column][\/vc_row][vc_row row_height_percent=\u00a0\u00bb0&Prime; override_padding=\u00a0\u00bbyes\u00a0\u00bb h_padding=\u00a0\u00bb2&Prime; top_padding=\u00a0\u00bb2&Prime; bottom_padding=\u00a0\u00bb0&Prime; overlay_alpha=\u00a0\u00bb50&Prime; gutter_size=\u00a0\u00bb3&Prime; column_width_percent=\u00a0\u00bb100&Prime; shift_y=\u00a0\u00bb0&Prime; z_index=\u00a0\u00bb0&Prime;][vc_column column_width_percent=\u00a0\u00bb100&Prime; gutter_size=\u00a0\u00bb3&Prime; overlay_alpha=\u00a0\u00bb50&Prime; shift_x=\u00a0\u00bb0&Prime; shift_y=\u00a0\u00bb0&Prime; shift_y_down=\u00a0\u00bb-2&Prime; z_index=\u00a0\u00bb0&Prime; medium_width=\u00a0\u00bb0&Prime; mobile_width=\u00a0\u00bb0&Prime; width=\u00a0\u00bb1\/2&Prime;][vc_single_image media=\u00a0\u00bb79768&Prime; media_width_percent=\u00a0\u00bb100&Prime; media_ratio=\u00a0\u00bbsixteen-nine\u00a0\u00bb][\/vc_column][vc_column column_width_percent=\u00a0\u00bb100&Prime; gutter_size=\u00a0\u00bb3&Prime; overlay_alpha=\u00a0\u00bb50&Prime; shift_x=\u00a0\u00bb0&Prime; shift_y=\u00a0\u00bb0&Prime; shift_y_down=\u00a0\u00bb0&Prime; z_index=\u00a0\u00bb0&Prime; medium_width=\u00a0\u00bb0&Prime; mobile_width=\u00a0\u00bb0&Prime; width=\u00a0\u00bb1\/2&Prime;][vc_empty_space empty_h=\u00a0\u00bb1&Prime;][vc_custom_heading text_size=\u00a0\u00bbh1&Prime; text_weight=\u00a0\u00bb600&Prime; text_transform=\u00a0\u00bbuppercase\u00a0\u00bb]Choix de v\u00e9hicules[\/vc_custom_heading][\/vc_column][\/vc_row][vc_row row_height_percent=\u00a0\u00bb0&Prime; override_padding=\u00a0\u00bbyes\u00a0\u00bb h_padding=\u00a0\u00bb2&Prime; top_padding=\u00a0\u00bb0&Prime; bottom_padding=\u00a0\u00bb2&Prime; overlay_alpha=\u00a0\u00bb50&Prime; gutter_size=\u00a0\u00bb3&Prime; column_width_percent=\u00a0\u00bb100&Prime; shift_y=\u00a0\u00bb0&Prime; z_index=\u00a0\u00bb0&Prime; mobile_visibility=\u00a0\u00bbyes\u00a0\u00bb][vc_column column_width_percent=\u00a0\u00bb80&Prime; gutter_size=\u00a0\u00bb3&Prime; back_color=\u00a0\u00bbcolor-xsdn\u00a0\u00bb overlay_alpha=\u00a0\u00bb50&Prime; shift_x=\u00a0\u00bb0&Prime; shift_y=\u00a0\u00bb-5&Prime; shift_y_down=\u00a0\u00bb0&Prime; z_index=\u00a0\u00bb10&Prime; medium_width=\u00a0\u00bb0&Prime; mobile_width=\u00a0\u00bb0&Prime; width=\u00a0\u00bb1\/1&Prime;][vc_column_text]<\/p>\n<p style=\"text-align: justify;\">L&rsquo;offre de longue dur\u00e9e permet au client de choisir le v\u00e9hicule qui s&rsquo;adapte le mieux \u00e0 ses besoins. Gr\u00e2ce \u00e0 des relations privil\u00e9gi\u00e9es aupr\u00e8s des constructeurs, CARDEL GROUP \u00e0 acc\u00e8s \u00e0 des offres comp\u00e9titives. CARDEL BUSINESS, c\u2019est aussi une mission de conseil aupr\u00e8s du client lors du choix du v\u00e9hicule afin de d\u00e9terminer le meilleur compromis entre le mod\u00e8le et la prise en compte de l\u2019aspect environnemental. Les v\u00e9hicules \u00e0 faible \u00e9mission de CO2 seront toujours privil\u00e9gi\u00e9s \u00e0 travers les v\u00e9hicules Hybrides et Full Electric.<\/p>\n<p>[\/vc_column_text][\/vc_column][\/vc_row][vc_row row_height_percent=\u00a0\u00bb0&Prime; override_padding=\u00a0\u00bbyes\u00a0\u00bb h_padding=\u00a0\u00bb2&Prime; top_padding=\u00a0\u00bb2&Prime; bottom_padding=\u00a0\u00bb2&Prime; overlay_alpha=\u00a0\u00bb50&Prime; gutter_size=\u00a0\u00bb3&Prime; column_width_percent=\u00a0\u00bb100&Prime; shift_y=\u00a0\u00bb0&Prime; z_index=\u00a0\u00bb0&Prime; desktop_visibility=\u00a0\u00bbyes\u00a0\u00bb medium_visibility=\u00a0\u00bbyes\u00a0\u00bb][vc_column column_width_percent=\u00a0\u00bb80&Prime; gutter_size=\u00a0\u00bb3&Prime; overlay_alpha=\u00a0\u00bb50&Prime; shift_x=\u00a0\u00bb0&Prime; shift_y=\u00a0\u00bb-5&Prime; shift_y_down=\u00a0\u00bb0&Prime; z_index=\u00a0\u00bb10&Prime; medium_width=\u00a0\u00bb0&Prime; mobile_width=\u00a0\u00bb0&Prime; width=\u00a0\u00bb1\/1&Prime;][vc_column_text]<\/p>\n<p style=\"text-align: justify;\">L&rsquo;offre de longue dur\u00e9e permet au client de choisir le v\u00e9hicule qui s&rsquo;adapte le mieux \u00e0 ses besoins. Gr\u00e2ce \u00e0 des relations privil\u00e9gi\u00e9es aupr\u00e8s des constructeurs, CARDEL GROUP \u00e0 acc\u00e8s \u00e0 des offres comp\u00e9titives. CARDEL GROUP, c\u2019est aussi une mission de conseil aupr\u00e8s du client lors du choix du v\u00e9hicule afin de d\u00e9terminer le meilleur compromis entre le mod\u00e8le et la prise en compte de l\u2019aspect environnemental. Les v\u00e9hicules \u00e0 faible \u00e9mission de CO2 seront toujours privil\u00e9gi\u00e9s \u00e0 travers les v\u00e9hicules Hybrides et Full Electric.<\/p>\n<p>[\/vc_column_text][\/vc_column][\/vc_row][vc_row row_height_percent=\u00a0\u00bb0&Prime; override_padding=\u00a0\u00bbyes\u00a0\u00bb h_padding=\u00a0\u00bb2&Prime; top_padding=\u00a0\u00bb6&Prime; bottom_padding=\u00a0\u00bb3&Prime; back_image=\u00a0\u00bb79932&Prime; overlay_alpha=\u00a0\u00bb50&Prime; gutter_size=\u00a0\u00bb3&Prime; column_width_percent=\u00a0\u00bb100&Prime; shift_y=\u00a0\u00bb0&Prime; z_index=\u00a0\u00bb0&Prime;][vc_column column_width_percent=\u00a0\u00bb100&Prime; position_vertical=\u00a0\u00bbmiddle\u00a0\u00bb align_horizontal=\u00a0\u00bbalign_center\u00a0\u00bb gutter_size=\u00a0\u00bb2&Prime; style=\u00a0\u00bbdark\u00a0\u00bb overlay_alpha=\u00a0\u00bb50&Prime; shift_x=\u00a0\u00bb0&Prime; shift_y=\u00a0\u00bb0&Prime; shift_y_down=\u00a0\u00bb0&Prime; z_index=\u00a0\u00bb0&Prime; medium_width=\u00a0\u00bb0&Prime; mobile_width=\u00a0\u00bb0&Prime; width=\u00a0\u00bb1\/1&Prime;][vc_custom_heading text_size=\u00a0\u00bbh1&Prime; text_weight=\u00a0\u00bb600&Prime; text_transform=\u00a0\u00bbuppercase\u00a0\u00bb sub_lead=\u00a0\u00bbyes\u00a0\u00bb subheading=\u00a0\u00bbNotre positionnement sur le march\u00e9 du transport nous impose des normes de qualit\u00e9 irr\u00e9prochables.<br \/>\nLe suivi au quotidien de cette d\u00e9marche de qualit\u00e9 s\u2019effectue par :\u00a0\u00bb]Gestion de la qualit\u00e9[\/vc_custom_heading][\/vc_column][\/vc_row][vc_row row_height_percent=\u00a0\u00bb0&Prime; override_padding=\u00a0\u00bbyes\u00a0\u00bb h_padding=\u00a0\u00bb2&Prime; top_padding=\u00a0\u00bb4&Prime; bottom_padding=\u00a0\u00bb6&Prime; back_image=\u00a0\u00bb79632&Prime; overlay_alpha=\u00a0\u00bb50&Prime; gutter_size=\u00a0\u00bb3&Prime; column_width_percent=\u00a0\u00bb100&Prime; shift_y=\u00a0\u00bb0&Prime; z_index=\u00a0\u00bb0&Prime;][vc_column width=\u00a0\u00bb1\/1&Prime;][vc_row_inner][vc_column_inner width=\u00a0\u00bb1\/4&Prime;][vc_column_text text_lead=\u00a0\u00bbyes\u00a0\u00bb]un interlocuteur unique tout au long de l\u2019ann\u00e9e[\/vc_column_text][vc_separator sep_color=\u00a0\u00bbcolor-jevc\u00a0\u00bb desktop_visibility=\u00a0\u00bbyes\u00a0\u00bb medium_visibility=\u00a0\u00bbyes\u00a0\u00bb el_width=\u00a0\u00bb20%\u00a0\u00bb el_height=\u00a0\u00bb8px\u00a0\u00bb][\/vc_column_inner][vc_column_inner width=\u00a0\u00bb1\/4&Prime;][vc_column_text text_lead=\u00a0\u00bbyes\u00a0\u00bb]des visites chauffeurs inopin\u00e9e sur le terrain[\/vc_column_text][vc_separator sep_color=\u00a0\u00bbcolor-jevc\u00a0\u00bb desktop_visibility=\u00a0\u00bbyes\u00a0\u00bb medium_visibility=\u00a0\u00bbyes\u00a0\u00bb el_width=\u00a0\u00bb20%\u00a0\u00bb el_height=\u00a0\u00bb8px\u00a0\u00bb][\/vc_column_inner][vc_column_inner width=\u00a0\u00bb1\/4&Prime;][vc_column_text text_lead=\u00a0\u00bbyes\u00a0\u00bb]reporting trimestrielle sur l\u2019\u00e9volution des besoins des clients[\/vc_column_text][vc_separator sep_color=\u00a0\u00bbcolor-jevc\u00a0\u00bb desktop_visibility=\u00a0\u00bbyes\u00a0\u00bb medium_visibility=\u00a0\u00bbyes\u00a0\u00bb el_width=\u00a0\u00bb20%\u00a0\u00bb el_height=\u00a0\u00bb8px\u00a0\u00bb][\/vc_column_inner][vc_column_inner width=\u00a0\u00bb1\/4&Prime;][vc_column_text text_lead=\u00a0\u00bbyes\u00a0\u00bb]la sensibilisation quotidienne de nos chauffeurs \u00e0 la qualit\u00e9 de services[\/vc_column_text][vc_separator sep_color=\u00a0\u00bbcolor-jevc\u00a0\u00bb desktop_visibility=\u00a0\u00bbyes\u00a0\u00bb medium_visibility=\u00a0\u00bbyes\u00a0\u00bb el_width=\u00a0\u00bb20%\u00a0\u00bb el_height=\u00a0\u00bb8px\u00a0\u00bb][\/vc_column_inner][\/vc_row_inner][vc_row_inner][vc_column_inner width=\u00a0\u00bb1\/4&Prime;][vc_separator sep_color=\u00a0\u00bbcolor-jevc\u00a0\u00bb mobile_visibility=\u00a0\u00bbyes\u00a0\u00bb el_width=\u00a0\u00bb60%\u00a0\u00bb el_height=\u00a0\u00bb8px\u00a0\u00bb][\/vc_column_inner][vc_column_inner width=\u00a0\u00bb1\/4&Prime;][vc_separator sep_color=\u00a0\u00bbcolor-jevc\u00a0\u00bb mobile_visibility=\u00a0\u00bbyes\u00a0\u00bb el_width=\u00a0\u00bb60%\u00a0\u00bb el_height=\u00a0\u00bb8px\u00a0\u00bb][\/vc_column_inner][vc_column_inner width=\u00a0\u00bb1\/4&Prime;][vc_separator sep_color=\u00a0\u00bbcolor-jevc\u00a0\u00bb mobile_visibility=\u00a0\u00bbyes\u00a0\u00bb el_width=\u00a0\u00bb60%\u00a0\u00bb el_height=\u00a0\u00bb8px\u00a0\u00bb][\/vc_column_inner][vc_column_inner width=\u00a0\u00bb1\/4&Prime;][vc_separator sep_color=\u00a0\u00bbcolor-jevc\u00a0\u00bb mobile_visibility=\u00a0\u00bbyes\u00a0\u00bb el_width=\u00a0\u00bb60%\u00a0\u00bb el_height=\u00a0\u00bb8px\u00a0\u00bb][\/vc_column_inner][\/vc_row_inner][\/vc_column][\/vc_row][vc_column column_width_percent=\u00a0\u00bb100&Prime; align_horizontal=\u00a0\u00bbalign_center\u00a0\u00bb gutter_size=\u00a0\u00bb3&Prime; overlay_alpha=\u00a0\u00bb50&Prime; shift_x=\u00a0\u00bb0&Prime; shift_y=\u00a0\u00bb0&Prime; shift_y_down=\u00a0\u00bb0&Prime; z_index=\u00a0\u00bb0&Prime; medium_width=\u00a0\u00bb0&Prime; mobile_width=\u00a0\u00bb0&Prime; width=\u00a0\u00bb1\/1&Prime;][\/vc_column][vc_row row_height_percent=\u00a0\u00bb0&Prime; overlay_alpha=\u00a0\u00bb50&Prime; gutter_size=\u00a0\u00bb3&Prime; column_width_percent=\u00a0\u00bb100&Prime; shift_y=\u00a0\u00bb0&Prime; z_index=\u00a0\u00bb0&Prime; el_id=\u00a0\u00bbcontact\u00a0\u00bb][vc_column width=\u00a0\u00bb1\/4&Prime;][\/vc_column][vc_column column_width_percent=\u00a0\u00bb100&Prime; align_horizontal=\u00a0\u00bbalign_center\u00a0\u00bb gutter_size=\u00a0\u00bb3&Prime; overlay_alpha=\u00a0\u00bb50&Prime; shift_x=\u00a0\u00bb0&Prime; shift_y=\u00a0\u00bb0&Prime; shift_y_down=\u00a0\u00bb0&Prime; z_index=\u00a0\u00bb0&Prime; medium_width=\u00a0\u00bb0&Prime; mobile_width=\u00a0\u00bb0&Prime; width=\u00a0\u00bb1\/2&Prime;][vc_custom_heading text_font=\u00a0\u00bbfont-202503&Prime; text_weight=\u00a0\u00bb600&Prime;]<\/p>\n<h3 style=\"text-align: center;\">CONTACTEZ-NOUS<\/h3>\n<p>[\/vc_custom_heading]<p class=\"wpcf7-contact-form-not-found\"><strong>Erreur\u00a0:<\/strong> Formulaire de contact non trouv\u00e9\u00a0!<\/p>[\/vc_column][vc_column width=\u00a0\u00bb1\/4&Prime;][\/vc_column][\/vc_row]<\/p>\n<\/div>","protected":false},"excerpt":{"rendered":"<p>[vc_row][vc_column column_width_percent=\u00a0\u00bb100&Prime; gutter_size=\u00a0\u00bb3&Prime; overlay_alpha=\u00a0\u00bb50&Prime; shift_x=\u00a0\u00bb0&Prime; shift_y=\u00a0\u00bb0&Prime; shift_y_down=\u00a0\u00bb0&Prime; z_index=\u00a0\u00bb0&Prime; medium_width=\u00a0\u00bb0&Prime; mobile_width=\u00a0\u00bb0&Prime; width=\u00a0\u00bb1\/1&Prime;][vc_separator sep_color=\u00a0\u00bbcolor-jevc\u00a0\u00bb el_width=\u00a0\u00bb20%\u00a0\u00bb el_height=\u00a0\u00bb8px\u00a0\u00bb][vc_column_text] CARDEL GROUP, au travers de son [&hellip;]<\/p>\n","protected":false},"author":1,"featured_media":79922,"parent":0,"menu_order":0,"comment_status":"closed","ping_status":"closed","template":"","meta":{"footnotes":""},"class_list":["post-79710","page","type-page","status-publish","has-post-thumbnail","hentry"],"yoast_head":"<!-- This site is optimized with the Yoast SEO plugin v24.5 - https:\/\/yoast.com\/wordpress\/plugins\/seo\/ -->\n<title>Contrat Longue Dur\u00e9e - Cardel Group<\/title>\n<meta name=\"robots\" content=\"index, follow, max-snippet:-1, max-image-preview:large, max-video-preview:-1\" \/>\n<link rel=\"canonical\" href=\"https:\/\/www.cardel-group.com\/fr\/contrat-long-duree\/\" \/>\n<meta property=\"og:locale\" content=\"fr_FR\" \/>\n<meta property=\"og:type\" content=\"article\" \/>\n<meta property=\"og:title\" content=\"Contrat Longue Dur\u00e9e - Cardel Group\" \/>\n<meta property=\"og:description\" content=\"[vc_row][vc_column column_width_percent=\u00a0\u00bb100&Prime; gutter_size=\u00a0\u00bb3&Prime; overlay_alpha=\u00a0\u00bb50&Prime; shift_x=\u00a0\u00bb0&Prime; shift_y=\u00a0\u00bb0&Prime; shift_y_down=\u00a0\u00bb0&Prime; z_index=\u00a0\u00bb0&Prime; medium_width=\u00a0\u00bb0&Prime; mobile_width=\u00a0\u00bb0&Prime; width=\u00a0\u00bb1\/1&Prime;][vc_separator sep_color=\u00a0\u00bbcolor-jevc\u00a0\u00bb el_width=\u00a0\u00bb20%\u00a0\u00bb el_height=\u00a0\u00bb8px\u00a0\u00bb][vc_column_text] CARDEL GROUP, au travers de son [&hellip;]\" \/>\n<meta property=\"og:url\" content=\"https:\/\/www.cardel-group.com\/fr\/contrat-long-duree\/\" \/>\n<meta property=\"og:site_name\" content=\"Cardel Group\" \/>\n<meta property=\"article:modified_time\" content=\"2021-06-23T13:13:36+00:00\" \/>\n<meta property=\"og:image\" content=\"https:\/\/www.cardel-global.com\/wp-content\/uploads\/2019\/09\/cld_header.jpg\" \/>\n\t<meta property=\"og:image:width\" content=\"1440\" \/>\n\t<meta property=\"og:image:height\" content=\"400\" \/>\n\t<meta property=\"og:image:type\" content=\"image\/jpeg\" \/>\n<meta name=\"twitter:card\" content=\"summary_large_image\" \/>\n<meta name=\"twitter:label1\" content=\"Dur\u00e9e de lecture estim\u00e9e\" \/>\n\t<meta name=\"twitter:data1\" content=\"3 minutes\" \/>\n<script type=\"application\/ld+json\" class=\"yoast-schema-graph\">{\"@context\":\"https:\/\/schema.org\",\"@graph\":[{\"@type\":\"WebPage\",\"@id\":\"https:\/\/www.cardel-group.com\/fr\/contrat-long-duree\/\",\"url\":\"https:\/\/www.cardel-group.com\/fr\/contrat-long-duree\/\",\"name\":\"Contrat Longue Dur\u00e9e - Cardel Group\",\"isPartOf\":{\"@id\":\"https:\/\/www.cardel-group.com\/#website\"},\"primaryImageOfPage\":{\"@id\":\"https:\/\/www.cardel-group.com\/fr\/contrat-long-duree\/#primaryimage\"},\"image\":{\"@id\":\"https:\/\/www.cardel-group.com\/fr\/contrat-long-duree\/#primaryimage\"},\"thumbnailUrl\":\"https:\/\/www.cardel-global.com\/wp-content\/uploads\/2019\/09\/cld_header.jpg\",\"datePublished\":\"2019-09-13T15:49:32+00:00\",\"dateModified\":\"2021-06-23T13:13:36+00:00\",\"breadcrumb\":{\"@id\":\"https:\/\/www.cardel-group.com\/fr\/contrat-long-duree\/#breadcrumb\"},\"inLanguage\":\"fr-FR\",\"potentialAction\":[{\"@type\":\"ReadAction\",\"target\":[\"https:\/\/www.cardel-group.com\/fr\/contrat-long-duree\/\"]}]},{\"@type\":\"ImageObject\",\"inLanguage\":\"fr-FR\",\"@id\":\"https:\/\/www.cardel-group.com\/fr\/contrat-long-duree\/#primaryimage\",\"url\":\"https:\/\/www.cardel-global.com\/wp-content\/uploads\/2019\/09\/cld_header.jpg\",\"contentUrl\":\"https:\/\/www.cardel-global.com\/wp-content\/uploads\/2019\/09\/cld_header.jpg\",\"width\":1440,\"height\":400},{\"@type\":\"BreadcrumbList\",\"@id\":\"https:\/\/www.cardel-group.com\/fr\/contrat-long-duree\/#breadcrumb\",\"itemListElement\":[{\"@type\":\"ListItem\",\"position\":1,\"name\":\"Accueil\",\"item\":\"https:\/\/www.cardel-group.com\/fr\/\"},{\"@type\":\"ListItem\",\"position\":2,\"name\":\"Contrat Longue Dur\u00e9e\"}]},{\"@type\":\"WebSite\",\"@id\":\"https:\/\/www.cardel-group.com\/#website\",\"url\":\"https:\/\/www.cardel-group.com\/\",\"name\":\"Cardel Group\",\"description\":\"Global Management Services\",\"potentialAction\":[{\"@type\":\"SearchAction\",\"target\":{\"@type\":\"EntryPoint\",\"urlTemplate\":\"https:\/\/www.cardel-group.com\/?s={search_term_string}\"},\"query-input\":{\"@type\":\"PropertyValueSpecification\",\"valueRequired\":true,\"valueName\":\"search_term_string\"}}],\"inLanguage\":\"fr-FR\"}]}<\/script>\n<!-- \/ Yoast SEO plugin. -->","yoast_head_json":{"title":"Contrat Longue Dur\u00e9e - Cardel Group","robots":{"index":"index","follow":"follow","max-snippet":"max-snippet:-1","max-image-preview":"max-image-preview:large","max-video-preview":"max-video-preview:-1"},"canonical":"https:\/\/www.cardel-group.com\/fr\/contrat-long-duree\/","og_locale":"fr_FR","og_type":"article","og_title":"Contrat Longue Dur\u00e9e - Cardel Group","og_description":"[vc_row][vc_column column_width_percent=\u00a0\u00bb100&Prime; gutter_size=\u00a0\u00bb3&Prime; overlay_alpha=\u00a0\u00bb50&Prime; shift_x=\u00a0\u00bb0&Prime; shift_y=\u00a0\u00bb0&Prime; shift_y_down=\u00a0\u00bb0&Prime; z_index=\u00a0\u00bb0&Prime; medium_width=\u00a0\u00bb0&Prime; mobile_width=\u00a0\u00bb0&Prime; width=\u00a0\u00bb1\/1&Prime;][vc_separator sep_color=\u00a0\u00bbcolor-jevc\u00a0\u00bb el_width=\u00a0\u00bb20%\u00a0\u00bb el_height=\u00a0\u00bb8px\u00a0\u00bb][vc_column_text] CARDEL GROUP, au travers de son [&hellip;]","og_url":"https:\/\/www.cardel-group.com\/fr\/contrat-long-duree\/","og_site_name":"Cardel Group","article_modified_time":"2021-06-23T13:13:36+00:00","og_image":[{"width":1440,"height":400,"url":"https:\/\/www.cardel-global.com\/wp-content\/uploads\/2019\/09\/cld_header.jpg","type":"image\/jpeg"}],"twitter_card":"summary_large_image","twitter_misc":{"Dur\u00e9e de lecture estim\u00e9e":"3 minutes"},"schema":{"@context":"https:\/\/schema.org","@graph":[{"@type":"WebPage","@id":"https:\/\/www.cardel-group.com\/fr\/contrat-long-duree\/","url":"https:\/\/www.cardel-group.com\/fr\/contrat-long-duree\/","name":"Contrat Longue Dur\u00e9e - Cardel Group","isPartOf":{"@id":"https:\/\/www.cardel-group.com\/#website"},"primaryImageOfPage":{"@id":"https:\/\/www.cardel-group.com\/fr\/contrat-long-duree\/#primaryimage"},"image":{"@id":"https:\/\/www.cardel-group.com\/fr\/contrat-long-duree\/#primaryimage"},"thumbnailUrl":"https:\/\/www.cardel-global.com\/wp-content\/uploads\/2019\/09\/cld_header.jpg","datePublished":"2019-09-13T15:49:32+00:00","dateModified":"2021-06-23T13:13:36+00:00","breadcrumb":{"@id":"https:\/\/www.cardel-group.com\/fr\/contrat-long-duree\/#breadcrumb"},"inLanguage":"fr-FR","potentialAction":[{"@type":"ReadAction","target":["https:\/\/www.cardel-group.com\/fr\/contrat-long-duree\/"]}]},{"@type":"ImageObject","inLanguage":"fr-FR","@id":"https:\/\/www.cardel-group.com\/fr\/contrat-long-duree\/#primaryimage","url":"https:\/\/www.cardel-global.com\/wp-content\/uploads\/2019\/09\/cld_header.jpg","contentUrl":"https:\/\/www.cardel-global.com\/wp-content\/uploads\/2019\/09\/cld_header.jpg","width":1440,"height":400},{"@type":"BreadcrumbList","@id":"https:\/\/www.cardel-group.com\/fr\/contrat-long-duree\/#breadcrumb","itemListElement":[{"@type":"ListItem","position":1,"name":"Accueil","item":"https:\/\/www.cardel-group.com\/fr\/"},{"@type":"ListItem","position":2,"name":"Contrat Longue Dur\u00e9e"}]},{"@type":"WebSite","@id":"https:\/\/www.cardel-group.com\/#website","url":"https:\/\/www.cardel-group.com\/","name":"Cardel Group","description":"Global Management Services","potentialAction":[{"@type":"SearchAction","target":{"@type":"EntryPoint","urlTemplate":"https:\/\/www.cardel-group.com\/?s={search_term_string}"},"query-input":{"@type":"PropertyValueSpecification","valueRequired":true,"valueName":"search_term_string"}}],"inLanguage":"fr-FR"}]}},"_links":{"self":[{"href":"https:\/\/www.cardel-group.com\/fr\/wp-json\/wp\/v2\/pages\/79710","targetHints":{"allow":["GET"]}}],"collection":[{"href":"https:\/\/www.cardel-group.com\/fr\/wp-json\/wp\/v2\/pages"}],"about":[{"href":"https:\/\/www.cardel-group.com\/fr\/wp-json\/wp\/v2\/types\/page"}],"author":[{"embeddable":true,"href":"https:\/\/www.cardel-group.com\/fr\/wp-json\/wp\/v2\/users\/1"}],"replies":[{"embeddable":true,"href":"https:\/\/www.cardel-group.com\/fr\/wp-json\/wp\/v2\/comments?post=79710"}],"version-history":[{"count":45,"href":"https:\/\/www.cardel-group.com\/fr\/wp-json\/wp\/v2\/pages\/79710\/revisions"}],"predecessor-version":[{"id":82766,"href":"https:\/\/www.cardel-group.com\/fr\/wp-json\/wp\/v2\/pages\/79710\/revisions\/82766"}],"wp:featuredmedia":[{"embeddable":true,"href":"https:\/\/www.cardel-group.com\/fr\/wp-json\/wp\/v2\/media\/79922"}],"wp:attachment":[{"href":"https:\/\/www.cardel-group.com\/fr\/wp-json\/wp\/v2\/media?parent=79710"}],"curies":[{"name":"wp","href":"https:\/\/api.w.org\/{rel}","templated":true}]}}