{"id":79698,"date":"2019-09-13T16:47:57","date_gmt":"2019-09-13T15:47:57","guid":{"rendered":"https:\/\/www.cardel-global.com\/?page_id=79698"},"modified":"2024-01-12T11:46:33","modified_gmt":"2024-01-12T10:46:33","slug":"societe","status":"publish","type":"page","link":"https:\/\/www.cardel-group.com\/fr\/societe\/","title":{"rendered":"La soci\u00e9t\u00e9"},"content":{"rendered":"<div class=\"wpb-content-wrapper\"><p>[vc_row unlock_row_content=\u00a0\u00bbyes\u00a0\u00bb row_height_percent=\u00a0\u00bb0&Prime; override_padding=\u00a0\u00bbyes\u00a0\u00bb h_padding=\u00a0\u00bb2&Prime; top_padding=\u00a0\u00bb4&Prime; bottom_padding=\u00a0\u00bb4&Prime; back_image=\u00a0\u00bb80325&Prime; overlay_alpha=\u00a0\u00bb50&Prime; gutter_size=\u00a0\u00bb3&Prime; column_width_percent=\u00a0\u00bb100&Prime; shift_y=\u00a0\u00bb0&Prime; z_index=\u00a0\u00bb0&Prime;][vc_column width=\u00a0\u00bb1\/1&Prime;][vc_row_inner][vc_column_inner width=\u00a0\u00bb1\/4&Prime;][\/vc_column_inner][vc_column_inner column_width_percent=\u00a0\u00bb100&Prime; align_horizontal=\u00a0\u00bbalign_center\u00a0\u00bb gutter_size=\u00a0\u00bb3&Prime; overlay_alpha=\u00a0\u00bb50&Prime; shift_x=\u00a0\u00bb0&Prime; shift_y=\u00a0\u00bb0&Prime; shift_y_down=\u00a0\u00bb0&Prime; z_index=\u00a0\u00bb0&Prime; medium_width=\u00a0\u00bb0&Prime; mobile_width=\u00a0\u00bb0&Prime; width=\u00a0\u00bb1\/2&Prime;][vc_empty_space empty_h=\u00a0\u00bb2&Prime;][vc_single_image media=\u00a0\u00bb80537&Prime; media_width_use_pixel=\u00a0\u00bbyes\u00a0\u00bb alignment=\u00a0\u00bbcenter\u00a0\u00bb media_width_pixel=\u00a0\u00bb330&Prime;][vc_custom_heading text_color=\u00a0\u00bbcolor-xsdn\u00a0\u00bb heading_semantic=\u00a0\u00bbh1&Prime; text_font=\u00a0\u00bbfont-202503&Prime; text_size=\u00a0\u00bbfontsize-155944&Prime; text_weight=\u00a0\u00bb600&Prime; text_space=\u00a0\u00bbfontspace-210350&Prime;]A PROPOS DE NOUS[\/vc_custom_heading][\/vc_column_inner][vc_column_inner width=\u00a0\u00bb1\/4&Prime;][\/vc_column_inner][\/vc_row_inner][\/vc_column][\/vc_row][vc_row row_height_percent=\u00a0\u00bb0&Prime; override_padding=\u00a0\u00bbyes\u00a0\u00bb h_padding=\u00a0\u00bb2&Prime; top_padding=\u00a0\u00bb3&Prime; bottom_padding=\u00a0\u00bb3&Prime; back_image=\u00a0\u00bb80331&Prime; back_repeat=\u00a0\u00bbno-repeat\u00a0\u00bb overlay_alpha=\u00a0\u00bb50&Prime; gutter_size=\u00a0\u00bb3&Prime; column_width_percent=\u00a0\u00bb100&Prime; shift_y=\u00a0\u00bb0&Prime; z_index=\u00a0\u00bb0&Prime; back_size=\u00a0\u00bbcover\u00a0\u00bb][vc_column column_width_percent=\u00a0\u00bb100&Prime; align_horizontal=\u00a0\u00bbalign_center\u00a0\u00bb gutter_size=\u00a0\u00bb2&Prime; overlay_alpha=\u00a0\u00bb50&Prime; shift_x=\u00a0\u00bb0&Prime; shift_y=\u00a0\u00bb0&Prime; shift_y_down=\u00a0\u00bb0&Prime; z_index=\u00a0\u00bb0&Prime; medium_width=\u00a0\u00bb0&Prime; mobile_width=\u00a0\u00bb0&Prime; width=\u00a0\u00bb1\/1&Prime;][vc_custom_heading text_font=\u00a0\u00bbfont-202503&Prime; text_size=\u00a0\u00bbh1&Prime; text_weight=\u00a0\u00bb600&Prime; text_transform=\u00a0\u00bbuppercase\u00a0\u00bb]<span style=\"font-weight: 400;\">L&rsquo;HISTOIRE DU GROUPE<\/span>[\/vc_custom_heading][vc_empty_space empty_h=\u00a0\u00bb2&Prime;][vc_row_inner][vc_column_inner width=\u00a0\u00bb1\/2&Prime;][vc_custom_heading heading_semantic=\u00a0\u00bbp\u00a0\u00bb text_font=\u00a0\u00bbfont-762333&Prime; text_size=\u00a0\u00bb\u00a0\u00bb uncode_shortcode_id=\u00a0\u00bb110480&Prime;]<span style=\"font-weight: 400;\">Lors de la cr\u00e9ation de notre soci\u00e9t\u00e9 en 1999, notre objectif \u00e9tait d&rsquo;offrir \u00e0 nos clients des services qui nous d\u00e9marqueraient de l&rsquo;offre existante.<\/span><\/p>\n<p>&nbsp;<\/p>\n<p><span style=\"font-weight: 400;\">A\u0300 cette \u00e9poque, il apparaissait clairement que les entreprises de services sp\u00e9cialis\u00e9es dans le voyage d&rsquo;affaires, en France et \u00e0 l\u2019international, ne proposaient que des services limit\u00e9es a\u0300 destination d\u2019utilisateurs aux profils varie\u0301s.<\/span><\/p>\n<p>&nbsp;<\/p>\n<p><span style=\"font-weight: 400;\"><br \/>\n<\/span><span style=\"font-weight: 400;\"><br \/>\n<\/span><span style=\"font-weight: 400;\">Tel e\u0301tait le cas pour la client\u00e8le d\u2019affaire, en constante \u00e9volution et pre\u0301sentant des besoins tre\u0300s spe\u0301cifiques, a\u0300 laquelle nous avons de\u0301cide\u0301 de nous consacrer, en devenant la premie\u0300re socie\u0301te\u0301 franc\u0327aise spe\u0301cialise\u0301e dans le voyage d\u2019affaires a\u0300 l\u2019international au de\u0301but des anne\u0301es 2000.<\/span><\/p>\n<p>&nbsp;<\/p>\n<p><span style=\"font-weight: 400;\">Les attentes e\u0301taient telles que le succe\u0300s fut imme\u0301diat, Cardel Global devenant rapidement le prestataire favori des banques d\u2019investissement franc\u0327aises et europe\u0301ennes ainsi que des grands groupes internationaux.<\/span>[\/vc_custom_heading][\/vc_column_inner][vc_column_inner width=\u00a0\u00bb1\/2&Prime;][vc_empty_space empty_h=\u00a0\u00bb0&Prime;][vc_single_image media=\u00a0\u00bb80598&Prime; media_width_percent=\u00a0\u00bb100&Prime;][\/vc_column_inner][\/vc_row_inner][vc_empty_space empty_h=\u00a0\u00bb2&Prime;][vc_row_inner][vc_column_inner width=\u00a0\u00bb1\/2&Prime;][vc_empty_space empty_h=\u00a0\u00bb0&Prime;][vc_single_image media=\u00a0\u00bb80599&Prime; media_width_percent=\u00a0\u00bb100&Prime;][\/vc_column_inner][vc_column_inner width=\u00a0\u00bb1\/2&Prime;][vc_custom_heading heading_semantic=\u00a0\u00bbp\u00a0\u00bb text_font=\u00a0\u00bbfont-762333&Prime; text_size=\u00a0\u00bb\u00a0\u00bb uncode_shortcode_id=\u00a0\u00bb149217&Prime;]<\/p>\n<p style=\"text-align: justify;\"><span style=\"font-weight: 400;\">Leader et acteur cle\u0301 en matie\u0300re de gestion du voyage d\u2019affaires a\u0300 l\u2019international, le groupe atteint un tournant dans son de\u0301veloppement en 2012 en s\u2019implantant a\u0300 Gene\u0300ve, a\u0300 New York en 2014 et avec le soutien et les encouragements de nos clients \u00e0 Los Angeles en 2017.<\/span><\/p>\n<p>&nbsp;<\/p>\n<p style=\"text-align: justify;\"><span style=\"font-weight: 400;\">Le Groupe Cardel est aujourd\u2019hui reconnu pour son expertise a\u0300 l\u2019international, conside\u0301re\u0301 comme un partenaire de confiance et officiellement re\u0301compense\u0301 en 2012 et 2019 par le LCT show a\u0300 Las Vegas.<\/span><\/p>\n<p>[\/vc_custom_heading][\/vc_column_inner][\/vc_row_inner][vc_row_inner][vc_column_inner column_width_percent=\u00a0\u00bb85&Prime; align_horizontal=\u00a0\u00bbalign_center\u00a0\u00bb gutter_size=\u00a0\u00bb3&Prime; overlay_alpha=\u00a0\u00bb50&Prime; shift_x=\u00a0\u00bb0&Prime; shift_y=\u00a0\u00bb0&Prime; shift_y_down=\u00a0\u00bb0&Prime; z_index=\u00a0\u00bb0&Prime; medium_width=\u00a0\u00bb0&Prime; mobile_width=\u00a0\u00bb0&Prime; width=\u00a0\u00bb1\/1&Prime;][vc_empty_space empty_h=\u00a0\u00bb2&Prime;][vc_custom_heading text_font=\u00a0\u00bbfont-202503&Prime; text_size=\u00a0\u00bbh1&Prime; text_weight=\u00a0\u00bb600&Prime; text_transform=\u00a0\u00bbuppercase\u00a0\u00bb uncode_shortcode_id=\u00a0\u00bb108172&Prime;]Notre \u00e9volution[\/vc_custom_heading][vc_custom_heading heading_semantic=\u00a0\u00bbp\u00a0\u00bb text_font=\u00a0\u00bbfont-762333&Prime; text_size=\u00a0\u00bb\u00a0\u00bb uncode_shortcode_id=\u00a0\u00bb640463&Prime;]<\/p>\n<p style=\"text-align: justify;\"><span style=\"font-weight: 400;\">L&rsquo;\u00e8re num\u00e9rique a fait \u00e9voluer le monde. Les nouvelles avanc\u00e9es technologiques sont au c\u0153ur de cette r\u00e9volution mondiale. Notre secteur se transforme avec la promesse d&rsquo;une approche responsable et une prise en compte des impacts environnementaux.<\/span><\/p>\n<p style=\"text-align: justify;\"><span style=\"font-weight: 400;\">\u00catre flexible, c&rsquo;est toujours aller de l&rsquo;avant et \u00eatre r\u00e9actif aux changements, afin d&rsquo;\u00eatre mieux pr\u00e9par\u00e9 pour relever les d\u00e9fis actuels et anticiper ceux \u00e0 venir.<\/span><\/p>\n<p style=\"text-align: justify;\"><span style=\"font-weight: 400;\">Encourag\u00e9 par les besoins vari\u00e9s et croissants des clients de Cardel Group au cours de ces derni\u00e8res ann\u00e9es, notre offre a \u00e9volu\u00e9 et s\u2019est diversifi\u00e9e, comprenant la gestion des vols priv\u00e9s, la production d&rsquo;\u00e9v\u00e9nements priv\u00e9s et institutionnels ainsi qu\u2019un service d&rsquo;assistance personnel sur-mesure. Cardel Group est ainsi devenu au fil des ans le sp\u00e9cialiste du voyage \u00ab Corporate \u00bb haut de gamme vers des destinations internationales.<\/span><\/p>\n<p>[\/vc_custom_heading][vc_empty_space empty_h=\u00a0\u00bb2&Prime;][vc_custom_heading text_font=\u00a0\u00bbfont-202503&Prime; text_size=\u00a0\u00bbh1&Prime; text_weight=\u00a0\u00bb600&Prime; text_transform=\u00a0\u00bbuppercase\u00a0\u00bb uncode_shortcode_id=\u00a0\u00bb542589&Prime;]<span style=\"font-weight: 400;\">Une nouvelle vision pour Cardel<\/span>[\/vc_custom_heading][vc_custom_heading heading_semantic=\u00a0\u00bbp\u00a0\u00bb text_font=\u00a0\u00bbfont-762333&Prime; text_size=\u00a0\u00bb\u00a0\u00bb uncode_shortcode_id=\u00a0\u00bb100210&Prime;]<\/p>\n<p style=\"text-align: justify;\"><span style=\"font-weight: 400;\">Dans le contexte actuel toujours marqu\u00e9 par une tendance croissante \u00e0 l&rsquo;externalisation des services et \u00e0 l&rsquo;optimisation des co\u00fbts, associ\u00e9e \u00e0 un imp\u00e9ratif de flexibilit\u00e9, Cardel Group a su op\u00e9rer un repositionnement strat\u00e9gique majeur. Fid\u00e8le \u00e0 ses valeurs et comp\u00e9tences fondamentales, le Groupe a acc\u00e9l\u00e9r\u00e9, ces derni\u00e8res ann\u00e9es, son d\u00e9veloppement gr\u00e2ce \u00e0 des solutions innovantes dans le domaine du voyage d&rsquo;affaires, tout en ouvrant de nouvelles voies de croissance dans le secteur du sport et du divertissement, en s\u2019attachant les services d\u2019experts reconnus dans ces secteurs.<\/span><\/p>\n<p>&nbsp;<\/p>\n<p style=\"text-align: justify;\">Depuis, Cardel Group incarne pleinement cette nouvelle vision et a su consolider sa position de leader europ\u00e9en en Global Management Services.<\/p>\n<p>[\/vc_custom_heading][\/vc_column_inner][\/vc_row_inner][\/vc_column][\/vc_row][vc_row row_height_percent=\u00a0\u00bb0&Prime; overlay_alpha=\u00a0\u00bb50&Prime; equal_height=\u00a0\u00bbyes\u00a0\u00bb gutter_size=\u00a0\u00bb3&Prime; column_width_percent=\u00a0\u00bb100&Prime; shift_y=\u00a0\u00bb0&Prime; z_index=\u00a0\u00bb0&Prime;][vc_column column_width_percent=\u00a0\u00bb100&Prime; position_vertical=\u00a0\u00bbbottom\u00a0\u00bb align_horizontal=\u00a0\u00bbalign_center\u00a0\u00bb gutter_size=\u00a0\u00bb3&Prime; back_image=\u00a0\u00bb80337&Prime; overlay_alpha=\u00a0\u00bb50&Prime; shift_x=\u00a0\u00bb0&Prime; shift_y=\u00a0\u00bb0&Prime; shift_y_down=\u00a0\u00bb0&Prime; z_index=\u00a0\u00bb0&Prime; medium_width=\u00a0\u00bb0&Prime; mobile_width=\u00a0\u00bb0&Prime; width=\u00a0\u00bb1\/3&Prime; back_size=\u00a0\u00bbcover\u00a0\u00bb][vc_single_image media=\u00a0\u00bb102938&Prime; media_width_use_pixel=\u00a0\u00bbyes\u00a0\u00bb alignment=\u00a0\u00bbcenter\u00a0\u00bb media_width_pixel=\u00a0\u00bb200&Prime; uncode_shortcode_id=\u00a0\u00bb185138&Prime;][vc_button button_color=\u00a0\u00bbcolor-xsdn\u00a0\u00bb radius=\u00a0\u00bbbtn-circle\u00a0\u00bb border_width=\u00a0\u00bb0&Prime; el_class=\u00a0\u00bbwhite-b\u00a0\u00bb link=\u00a0\u00bburl:https%3A%2F%2Fwww.cardel-group.com%2Ffr%2Fdestination%2F|title:DISCOVER\u00a0\u00bb button_color_type=\u00a0\u00bbuncode-palette\u00a0\u00bb uncode_shortcode_id=\u00a0\u00bb205392&Prime;]EN SAVOIR PLUS[\/vc_button][\/vc_column][vc_column column_width_percent=\u00a0\u00bb100&Prime; position_vertical=\u00a0\u00bbbottom\u00a0\u00bb align_horizontal=\u00a0\u00bbalign_center\u00a0\u00bb gutter_size=\u00a0\u00bb3&Prime; back_image=\u00a0\u00bb80338&Prime; overlay_alpha=\u00a0\u00bb50&Prime; shift_x=\u00a0\u00bb0&Prime; shift_y=\u00a0\u00bb0&Prime; shift_y_down=\u00a0\u00bb0&Prime; z_index=\u00a0\u00bb0&Prime; medium_width=\u00a0\u00bb0&Prime; mobile_width=\u00a0\u00bb0&Prime; width=\u00a0\u00bb1\/3&Prime; back_size=\u00a0\u00bbcover\u00a0\u00bb][vc_single_image media=\u00a0\u00bb80541&Prime; media_width_use_pixel=\u00a0\u00bbyes\u00a0\u00bb alignment=\u00a0\u00bbcenter\u00a0\u00bb media_width_pixel=\u00a0\u00bb200&Prime;][vc_button button_color=\u00a0\u00bbcolor-xsdn\u00a0\u00bb radius=\u00a0\u00bbbtn-circle\u00a0\u00bb border_width=\u00a0\u00bb0&Prime; el_class=\u00a0\u00bbwhite-b\u00a0\u00bb link=\u00a0\u00bburl:https%3A%2F%2Fwww.cardel-group.com%2Ffr%2Fsport%2F|title:DISCOVERS\u00a0\u00bb button_color_type=\u00a0\u00bbuncode-palette\u00a0\u00bb uncode_shortcode_id=\u00a0\u00bb526683&Prime;]EN SAVOIR PLUS[\/vc_button][\/vc_column][vc_column column_width_percent=\u00a0\u00bb100&Prime; position_vertical=\u00a0\u00bbbottom\u00a0\u00bb align_horizontal=\u00a0\u00bbalign_center\u00a0\u00bb gutter_size=\u00a0\u00bb3&Prime; back_image=\u00a0\u00bb80339&Prime; overlay_alpha=\u00a0\u00bb50&Prime; shift_x=\u00a0\u00bb0&Prime; shift_y=\u00a0\u00bb0&Prime; shift_y_down=\u00a0\u00bb0&Prime; z_index=\u00a0\u00bb0&Prime; medium_width=\u00a0\u00bb0&Prime; mobile_width=\u00a0\u00bb0&Prime; width=\u00a0\u00bb1\/3&Prime; back_size=\u00a0\u00bbcover\u00a0\u00bb][vc_single_image media=\u00a0\u00bb80543&Prime; media_width_use_pixel=\u00a0\u00bbyes\u00a0\u00bb alignment=\u00a0\u00bbcenter\u00a0\u00bb media_width_pixel=\u00a0\u00bb200&Prime;][vc_button button_color=\u00a0\u00bbcolor-xsdn\u00a0\u00bb radius=\u00a0\u00bbbtn-circle\u00a0\u00bb border_width=\u00a0\u00bb0&Prime; el_class=\u00a0\u00bbwhite-b\u00a0\u00bb link=\u00a0\u00bburl:https%3A%2F%2Fwww.cardel-group.com%2Ffr%2Fpublicity%2F|title:Publicity\u00a0\u00bb button_color_type=\u00a0\u00bbuncode-palette\u00a0\u00bb uncode_shortcode_id=\u00a0\u00bb187578&Prime;]EN SAVOIR PLUS[\/vc_button][\/vc_column][\/vc_row][vc_row][vc_column column_width_percent=\u00a0\u00bb100&Prime; align_horizontal=\u00a0\u00bbalign_center\u00a0\u00bb gutter_size=\u00a0\u00bb3&Prime; overlay_alpha=\u00a0\u00bb50&Prime; shift_x=\u00a0\u00bb0&Prime; shift_y=\u00a0\u00bb0&Prime; shift_y_down=\u00a0\u00bb0&Prime; z_index=\u00a0\u00bb0&Prime; medium_width=\u00a0\u00bb0&Prime; mobile_width=\u00a0\u00bb0&Prime; width=\u00a0\u00bb1\/1&Prime;][vc_custom_heading text_font=\u00a0\u00bbfont-202503&Prime; text_size=\u00a0\u00bbfontsize-160681&Prime; text_weight=\u00a0\u00bb600&Prime; sub_lead=\u00a0\u00bbyes\u00a0\u00bb sub_reduced=\u00a0\u00bbyes\u00a0\u00bb subheading=\u00a0\u00bb110 pays et 350 villes \u00e0 travers le monde.\u00a0\u00bb]COUVERTURE G\u00c9OGRAPHIQUE[\/vc_custom_heading][\/vc_column][\/vc_row][vc_row][vc_column width=\u00a0\u00bb1\/1&Prime;][vc_single_image media=\u00a0\u00bb80341&Prime; media_width_percent=\u00a0\u00bb85&Prime; alignment=\u00a0\u00bbcenter\u00a0\u00bb][\/vc_column][\/vc_row][vc_row][vc_column width=\u00a0\u00bb1\/2&Prime;][vc_custom_heading heading_semantic=\u00a0\u00bbh3&Prime; text_font=\u00a0\u00bbfont-202503&Prime; text_size=\u00a0\u00bbh5&Prime; text_weight=\u00a0\u00bb300&Prime; text_height=\u00a0\u00bbfontheight-524109&Prime;]Algeria, China including Hong Kong and Macao, Luxemburg, Philippines, Sri Lanka, Argentina, Colombia, Hungary, Poland, Sweden, Australia, Costa Rica, Iceland, Malaysia, Portugal, Switzerland, Austria, Croatia, India, Malta, Puerto Rico, Taiwan, The Bahamas, Czech Republic, Indonesia, Mexico, Qatar, Thailand, Bahrain, Denmark, Ireland, Monaco, Romania, Belarus, Egypt, Israel, Mongolia, Russia, Ukraine, Belgium, Great Britain, Italy, Mozambique, Saudi Arabia, United Arab Emirates, Bermuda, Estonia,[\/vc_custom_heading][\/vc_column][vc_column width=\u00a0\u00bb1\/2&Prime;][vc_custom_heading heading_semantic=\u00a0\u00bbh3&Prime; text_font=\u00a0\u00bbfont-202503&Prime; text_size=\u00a0\u00bbh5&Prime; text_weight=\u00a0\u00bb300&Prime; text_height=\u00a0\u00bbfontheight-524109&Prime;]Japan, Namibia, Uruguay, Botswana, Finland, Jordan, The Netherland, Serbia, United States, Brazil, France, Kazakhstan, New-Zeeland, Singapore, Venezuela, Brunei, Georgia, Kenya, Nigeria, Slovakia, Vietnam, Bulgaria, Germany, Kuwait, Norway, Slovenia, Zambia, Canada, Ghana, Latvia, Oman, South Africa, Zimbabwe, The Caribbean Islands, Greece, Lebanon, Panama, South Korea, Chili, Guatemala, Lithuania, Peru, Spain.[\/vc_custom_heading][\/vc_column][\/vc_row]<\/p>\n<\/div>","protected":false},"excerpt":{"rendered":"<p>[vc_row unlock_row_content=\u00a0\u00bbyes\u00a0\u00bb row_height_percent=\u00a0\u00bb0&Prime; override_padding=\u00a0\u00bbyes\u00a0\u00bb h_padding=\u00a0\u00bb2&Prime; top_padding=\u00a0\u00bb4&Prime; bottom_padding=\u00a0\u00bb4&Prime; back_image=\u00a0\u00bb80325&Prime; overlay_alpha=\u00a0\u00bb50&Prime; gutter_size=\u00a0\u00bb3&Prime; column_width_percent=\u00a0\u00bb100&Prime; shift_y=\u00a0\u00bb0&Prime; z_index=\u00a0\u00bb0&Prime;][vc_column width=\u00a0\u00bb1\/1&Prime;][vc_row_inner][vc_column_inner width=\u00a0\u00bb1\/4&Prime;][\/vc_column_inner][vc_column_inner column_width_percent=\u00a0\u00bb100&Prime; align_horizontal=\u00a0\u00bbalign_center\u00a0\u00bb gutter_size=\u00a0\u00bb3&Prime; overlay_alpha=\u00a0\u00bb50&Prime; shift_x=\u00a0\u00bb0&Prime; [&hellip;]<\/p>\n","protected":false},"author":1,"featured_media":79816,"parent":0,"menu_order":0,"comment_status":"closed","ping_status":"closed","template":"","meta":{"footnotes":""},"class_list":["post-79698","page","type-page","status-publish","has-post-thumbnail","hentry"],"yoast_head":"<!-- This site is optimized with the Yoast SEO plugin v24.5 - https:\/\/yoast.com\/wordpress\/plugins\/seo\/ -->\n<title>La soci\u00e9t\u00e9 - Cardel Group<\/title>\n<meta name=\"robots\" content=\"index, follow, max-snippet:-1, max-image-preview:large, max-video-preview:-1\" \/>\n<link rel=\"canonical\" href=\"https:\/\/www.cardel-group.com\/fr\/societe\/\" \/>\n<meta property=\"og:locale\" content=\"fr_FR\" \/>\n<meta property=\"og:type\" content=\"article\" \/>\n<meta property=\"og:title\" content=\"La soci\u00e9t\u00e9 - Cardel Group\" \/>\n<meta property=\"og:description\" content=\"[vc_row unlock_row_content=\u00a0\u00bbyes\u00a0\u00bb row_height_percent=\u00a0\u00bb0&Prime; override_padding=\u00a0\u00bbyes\u00a0\u00bb h_padding=\u00a0\u00bb2&Prime; top_padding=\u00a0\u00bb4&Prime; bottom_padding=\u00a0\u00bb4&Prime; back_image=\u00a0\u00bb80325&Prime; overlay_alpha=\u00a0\u00bb50&Prime; gutter_size=\u00a0\u00bb3&Prime; column_width_percent=\u00a0\u00bb100&Prime; shift_y=\u00a0\u00bb0&Prime; z_index=\u00a0\u00bb0&Prime;][vc_column width=\u00a0\u00bb1\/1&Prime;][vc_row_inner][vc_column_inner width=\u00a0\u00bb1\/4&Prime;][\/vc_column_inner][vc_column_inner column_width_percent=\u00a0\u00bb100&Prime; align_horizontal=\u00a0\u00bbalign_center\u00a0\u00bb gutter_size=\u00a0\u00bb3&Prime; overlay_alpha=\u00a0\u00bb50&Prime; shift_x=\u00a0\u00bb0&Prime; [&hellip;]\" \/>\n<meta property=\"og:url\" content=\"https:\/\/www.cardel-group.com\/fr\/societe\/\" \/>\n<meta property=\"og:site_name\" content=\"Cardel Group\" \/>\n<meta property=\"article:modified_time\" content=\"2024-01-12T10:46:33+00:00\" \/>\n<meta property=\"og:image\" content=\"https:\/\/www.cardel-global.com\/wp-content\/uploads\/2019\/09\/societe_header.jpg\" \/>\n\t<meta property=\"og:image:width\" content=\"1440\" \/>\n\t<meta property=\"og:image:height\" content=\"400\" \/>\n\t<meta property=\"og:image:type\" content=\"image\/jpeg\" \/>\n<meta name=\"twitter:card\" content=\"summary_large_image\" \/>\n<meta name=\"twitter:label1\" content=\"Dur\u00e9e de lecture estim\u00e9e\" \/>\n\t<meta name=\"twitter:data1\" content=\"4 minutes\" \/>\n<script type=\"application\/ld+json\" class=\"yoast-schema-graph\">{\"@context\":\"https:\/\/schema.org\",\"@graph\":[{\"@type\":\"WebPage\",\"@id\":\"https:\/\/www.cardel-group.com\/fr\/societe\/\",\"url\":\"https:\/\/www.cardel-group.com\/fr\/societe\/\",\"name\":\"La soci\u00e9t\u00e9 - Cardel Group\",\"isPartOf\":{\"@id\":\"https:\/\/www.cardel-group.com\/#website\"},\"primaryImageOfPage\":{\"@id\":\"https:\/\/www.cardel-group.com\/fr\/societe\/#primaryimage\"},\"image\":{\"@id\":\"https:\/\/www.cardel-group.com\/fr\/societe\/#primaryimage\"},\"thumbnailUrl\":\"https:\/\/www.cardel-global.com\/wp-content\/uploads\/2019\/09\/societe_header.jpg\",\"datePublished\":\"2019-09-13T15:47:57+00:00\",\"dateModified\":\"2024-01-12T10:46:33+00:00\",\"breadcrumb\":{\"@id\":\"https:\/\/www.cardel-group.com\/fr\/societe\/#breadcrumb\"},\"inLanguage\":\"fr-FR\",\"potentialAction\":[{\"@type\":\"ReadAction\",\"target\":[\"https:\/\/www.cardel-group.com\/fr\/societe\/\"]}]},{\"@type\":\"ImageObject\",\"inLanguage\":\"fr-FR\",\"@id\":\"https:\/\/www.cardel-group.com\/fr\/societe\/#primaryimage\",\"url\":\"https:\/\/www.cardel-global.com\/wp-content\/uploads\/2019\/09\/societe_header.jpg\",\"contentUrl\":\"https:\/\/www.cardel-global.com\/wp-content\/uploads\/2019\/09\/societe_header.jpg\",\"width\":1440,\"height\":400},{\"@type\":\"BreadcrumbList\",\"@id\":\"https:\/\/www.cardel-group.com\/fr\/societe\/#breadcrumb\",\"itemListElement\":[{\"@type\":\"ListItem\",\"position\":1,\"name\":\"Accueil\",\"item\":\"https:\/\/www.cardel-group.com\/fr\/\"},{\"@type\":\"ListItem\",\"position\":2,\"name\":\"La soci\u00e9t\u00e9\"}]},{\"@type\":\"WebSite\",\"@id\":\"https:\/\/www.cardel-group.com\/#website\",\"url\":\"https:\/\/www.cardel-group.com\/\",\"name\":\"Cardel Group\",\"description\":\"Global Management Services\",\"potentialAction\":[{\"@type\":\"SearchAction\",\"target\":{\"@type\":\"EntryPoint\",\"urlTemplate\":\"https:\/\/www.cardel-group.com\/?s={search_term_string}\"},\"query-input\":{\"@type\":\"PropertyValueSpecification\",\"valueRequired\":true,\"valueName\":\"search_term_string\"}}],\"inLanguage\":\"fr-FR\"}]}<\/script>\n<!-- \/ Yoast SEO plugin. -->","yoast_head_json":{"title":"La soci\u00e9t\u00e9 - Cardel Group","robots":{"index":"index","follow":"follow","max-snippet":"max-snippet:-1","max-image-preview":"max-image-preview:large","max-video-preview":"max-video-preview:-1"},"canonical":"https:\/\/www.cardel-group.com\/fr\/societe\/","og_locale":"fr_FR","og_type":"article","og_title":"La soci\u00e9t\u00e9 - Cardel Group","og_description":"[vc_row unlock_row_content=\u00a0\u00bbyes\u00a0\u00bb row_height_percent=\u00a0\u00bb0&Prime; override_padding=\u00a0\u00bbyes\u00a0\u00bb h_padding=\u00a0\u00bb2&Prime; top_padding=\u00a0\u00bb4&Prime; bottom_padding=\u00a0\u00bb4&Prime; back_image=\u00a0\u00bb80325&Prime; overlay_alpha=\u00a0\u00bb50&Prime; gutter_size=\u00a0\u00bb3&Prime; column_width_percent=\u00a0\u00bb100&Prime; shift_y=\u00a0\u00bb0&Prime; z_index=\u00a0\u00bb0&Prime;][vc_column width=\u00a0\u00bb1\/1&Prime;][vc_row_inner][vc_column_inner width=\u00a0\u00bb1\/4&Prime;][\/vc_column_inner][vc_column_inner column_width_percent=\u00a0\u00bb100&Prime; align_horizontal=\u00a0\u00bbalign_center\u00a0\u00bb gutter_size=\u00a0\u00bb3&Prime; overlay_alpha=\u00a0\u00bb50&Prime; shift_x=\u00a0\u00bb0&Prime; [&hellip;]","og_url":"https:\/\/www.cardel-group.com\/fr\/societe\/","og_site_name":"Cardel Group","article_modified_time":"2024-01-12T10:46:33+00:00","og_image":[{"width":1440,"height":400,"url":"https:\/\/www.cardel-global.com\/wp-content\/uploads\/2019\/09\/societe_header.jpg","type":"image\/jpeg"}],"twitter_card":"summary_large_image","twitter_misc":{"Dur\u00e9e de lecture estim\u00e9e":"4 minutes"},"schema":{"@context":"https:\/\/schema.org","@graph":[{"@type":"WebPage","@id":"https:\/\/www.cardel-group.com\/fr\/societe\/","url":"https:\/\/www.cardel-group.com\/fr\/societe\/","name":"La soci\u00e9t\u00e9 - Cardel Group","isPartOf":{"@id":"https:\/\/www.cardel-group.com\/#website"},"primaryImageOfPage":{"@id":"https:\/\/www.cardel-group.com\/fr\/societe\/#primaryimage"},"image":{"@id":"https:\/\/www.cardel-group.com\/fr\/societe\/#primaryimage"},"thumbnailUrl":"https:\/\/www.cardel-global.com\/wp-content\/uploads\/2019\/09\/societe_header.jpg","datePublished":"2019-09-13T15:47:57+00:00","dateModified":"2024-01-12T10:46:33+00:00","breadcrumb":{"@id":"https:\/\/www.cardel-group.com\/fr\/societe\/#breadcrumb"},"inLanguage":"fr-FR","potentialAction":[{"@type":"ReadAction","target":["https:\/\/www.cardel-group.com\/fr\/societe\/"]}]},{"@type":"ImageObject","inLanguage":"fr-FR","@id":"https:\/\/www.cardel-group.com\/fr\/societe\/#primaryimage","url":"https:\/\/www.cardel-global.com\/wp-content\/uploads\/2019\/09\/societe_header.jpg","contentUrl":"https:\/\/www.cardel-global.com\/wp-content\/uploads\/2019\/09\/societe_header.jpg","width":1440,"height":400},{"@type":"BreadcrumbList","@id":"https:\/\/www.cardel-group.com\/fr\/societe\/#breadcrumb","itemListElement":[{"@type":"ListItem","position":1,"name":"Accueil","item":"https:\/\/www.cardel-group.com\/fr\/"},{"@type":"ListItem","position":2,"name":"La soci\u00e9t\u00e9"}]},{"@type":"WebSite","@id":"https:\/\/www.cardel-group.com\/#website","url":"https:\/\/www.cardel-group.com\/","name":"Cardel Group","description":"Global Management Services","potentialAction":[{"@type":"SearchAction","target":{"@type":"EntryPoint","urlTemplate":"https:\/\/www.cardel-group.com\/?s={search_term_string}"},"query-input":{"@type":"PropertyValueSpecification","valueRequired":true,"valueName":"search_term_string"}}],"inLanguage":"fr-FR"}]}},"_links":{"self":[{"href":"https:\/\/www.cardel-group.com\/fr\/wp-json\/wp\/v2\/pages\/79698","targetHints":{"allow":["GET"]}}],"collection":[{"href":"https:\/\/www.cardel-group.com\/fr\/wp-json\/wp\/v2\/pages"}],"about":[{"href":"https:\/\/www.cardel-group.com\/fr\/wp-json\/wp\/v2\/types\/page"}],"author":[{"embeddable":true,"href":"https:\/\/www.cardel-group.com\/fr\/wp-json\/wp\/v2\/users\/1"}],"replies":[{"embeddable":true,"href":"https:\/\/www.cardel-group.com\/fr\/wp-json\/wp\/v2\/comments?post=79698"}],"version-history":[{"count":91,"href":"https:\/\/www.cardel-group.com\/fr\/wp-json\/wp\/v2\/pages\/79698\/revisions"}],"predecessor-version":[{"id":104856,"href":"https:\/\/www.cardel-group.com\/fr\/wp-json\/wp\/v2\/pages\/79698\/revisions\/104856"}],"wp:featuredmedia":[{"embeddable":true,"href":"https:\/\/www.cardel-group.com\/fr\/wp-json\/wp\/v2\/media\/79816"}],"wp:attachment":[{"href":"https:\/\/www.cardel-group.com\/fr\/wp-json\/wp\/v2\/media?parent=79698"}],"curies":[{"name":"wp","href":"https:\/\/api.w.org\/{rel}","templated":true}]}}